{"id":1008,"date":"2021-04-21T17:04:22","date_gmt":"2021-04-21T15:04:22","guid":{"rendered":"http:\/\/www.shadowdemo.it\/webepper\/arbeiten\/"},"modified":"2021-04-21T17:04:23","modified_gmt":"2021-04-21T15:04:23","slug":"arbeiten","status":"publish","type":"page","link":"https:\/\/www.fondazioneepper.ch\/de\/arbeiten\/","title":{"rendered":"Arbeiten"},"content":{"rendered":"<p>[vc_row css_animation=&#8220;&#8220; row_type=&#8220;row&#8220; use_row_as_full_screen_section=&#8220;no&#8220; type=&#8220;grid&#8220; angled_section=&#8220;no&#8220; text_align=&#8220;left&#8220; background_image_as_pattern=&#8220;with_pattern&#8220; css=&#8220;.vc_custom_1610987720755{padding-top: 91px !important;padding-bottom: 50px !important;}&#8220; z_index=&#8220;&#8220; el_class=&#8220;no-bckg-img-ipad&#8220;][vc_column offset=&#8220;vc_col-lg-6 vc_col-md-6&#8243; css=&#8220;.vc_custom_1610987877122{padding-right: 8% !important;padding-left: 8% !important;}&#8220;][vc_separator type=&#8220;transparent&#8220; thickness=&#8220;0&#8243; up=&#8220;0&#8243; down=&#8220;50&#8243;][vc_column_text]<\/p>\n<h3><span style=\"color: #000000; font-size: 28px;\">Ignaz Epper | <\/span><span style=\"color: #a21a16; font-size: 28px;\"> Die Arbeiten<br \/>\n<\/span><\/h3>\n<p>[\/vc_column_text][vc_separator type=&#8220;transparent&#8220; thickness=&#8220;0&#8243; up=&#8220;0&#8243; down=&#8220;43&#8243;][vc_column_text]<\/p>\n<h4>Ignaz Epper ist einer der f\u00fchrenden Exponenten des Schweizer Expressionismus. Sein Ruhm gr\u00fcndet sich vor allem auf sein grafisches Werk, insbesondere der Holzschnitte, die in den 10er und 20er Jahren des vergangenen Jahrhunderts entstanden sind. Diese Jugendarbeiten \u2013 zusammen mit den Holzschnitten dominieren die mit schwarzer oder farbiger Kreide angefertigten Zeichnungen \u2013 werden von einer pessimistischen Weltsicht durchdrungen.<br \/>\n<\/h4>\n<p>[\/vc_column_text][vc_separator type=&#8220;transparent&#8220; thickness=&#8220;0&#8243; up=&#8220;0&#8243; down=&#8220;50&#8243;][vc_column_text]<\/p>\n<h4>Ob es sich um biblische Themen, um Metropolen oder um Motive, ausgef\u00fchrt in \u00d6l, mit Pferd oder Industrielandschaft handelt, sie alle dr\u00fccken Gewalt und Leid aus. Im Mittelpunkt der Interessen von Epper steht jedoch die menschliche Figur, mit der er sich das ganze Leben lang intensiv auseinander gesetzt hat.<br \/>\n<\/h4>\n<p>[\/vc_column_text][vc_separator type=&#8220;transparent&#8220; thickness=&#8220;0&#8243; up=&#8220;0&#8243; down=&#8220;50&#8243;][vc_separator type=&#8220;transparent&#8220; thickness=&#8220;0&#8243; up=&#8220;0&#8243; down=&#8220;50&#8243;]<div class=\"image_with_text\"><img decoding=\"async\" itemprop=\"image\" src=\"https:\/\/www.fondazioneepper.ch\/wp-content\/uploads\/2021\/02\/EPPER-30-ANNI-foto-Museo-Comunale-2010-OPERE-scaled.jpg\" alt=\"Akt Mischa Epper \u2013 1921\u2028\" \/><h4 >Akt Mischa Epper \u2013 1921\u2028<\/h4><span style=\"margin: 6px 0px;\" class=\"separator transparent\"><\/span>Schwarze Kreide<\/div>[vc_separator type=&#8220;transparent&#8220; thickness=&#8220;0&#8243; up=&#8220;0&#8243; down=&#8220;50&#8243;]<div class=\"image_with_text\"><img decoding=\"async\" itemprop=\"image\" src=\"https:\/\/www.fondazioneepper.ch\/wp-content\/uploads\/2021\/02\/EPPER-OPERE-scaled.jpg\" alt=\"Eisenbahngalerie \u2013 1918\u2028\" \/><h4 >Eisenbahngalerie \u2013 1918\u2028<\/h4><span style=\"margin: 6px 0px;\" class=\"separator transparent\"><\/span>\u00d6l auf Leinwand<\/div>[vc_separator type=&#8220;transparent&#8220; thickness=&#8220;0&#8243; up=&#8220;0&#8243; down=&#8220;50&#8243;][\/vc_column][vc_column offset=&#8220;vc_col-lg-6 vc_col-md-6&#8243; css=&#8220;.vc_custom_1610987885334{padding-right: 8% !important;padding-left: 8% !important;}&#8220;][vc_separator type=&#8220;transparent&#8220; thickness=&#8220;0&#8243; up=&#8220;0&#8243; down=&#8220;43&#8243;]<div class=\"image_with_text\"><img decoding=\"async\" itemprop=\"image\" src=\"https:\/\/www.fondazioneepper.ch\/wp-content\/uploads\/2021\/02\/Autoritratto-Slbstbildinis-1925-Xilografia-Holzschnitt-LE-OPERE.jpg\" alt=\"Selbstportr\u00e4t \u2013 1925\" \/><h4 >Selbstportr\u00e4t \u2013 1925<\/h4><span style=\"margin: 6px 0px;\" class=\"separator transparent\"><\/span>Holzschnitt<\/div>[vc_separator type=&#8220;transparent&#8220; thickness=&#8220;0&#8243; up=&#8220;0&#8243; down=&#8220;27&#8243;]<div class=\"image_with_text\"><img decoding=\"async\" itemprop=\"image\" src=\"https:\/\/www.fondazioneepper.ch\/wp-content\/uploads\/2021\/02\/EPPER-OPERE-1.jpg\" alt=\"Monolog des Vaters \u2013 1917\u2028\" \/><h4 >Monolog des Vaters \u2013 1917\u2028<\/h4><span style=\"margin: 6px 0px;\" class=\"separator transparent\"><\/span>Holzschnitt<\/div>[vc_separator type=&#8220;transparent&#8220; thickness=&#8220;0&#8243; up=&#8220;0&#8243; down=&#8220;27&#8243;][\/vc_column][\/vc_row][vc_row css_animation=&#8220;&#8220; row_type=&#8220;row&#8220; use_row_as_full_screen_section=&#8220;no&#8220; type=&#8220;grid&#8220; angled_section=&#8220;no&#8220; text_align=&#8220;left&#8220; background_image_as_pattern=&#8220;with_pattern&#8220; css=&#8220;.vc_custom_1612333649201{padding-top: 91px !important;padding-bottom: 50px !important;background-color: #f2f2f2 !important;}&#8220; z_index=&#8220;&#8220; el_class=&#8220;no-bckg-img-ipad&#8220;][vc_column offset=&#8220;vc_col-lg-6 vc_col-md-6&#8243; css=&#8220;.vc_custom_1610987877122{padding-right: 8% !important;padding-left: 8% !important;}&#8220;][vc_separator type=&#8220;transparent&#8220; thickness=&#8220;0&#8243; up=&#8220;0&#8243; down=&#8220;50&#8243;]<div class=\"image_with_text\"><img decoding=\"async\" itemprop=\"image\" src=\"https:\/\/www.fondazioneepper.ch\/wp-content\/uploads\/2021\/02\/0e3a85fbea184d02a40fc64556a253c0eX7L8MnRayQV68OC-0.jpg\" alt=\"Junge Ballerina\" \/><h4 >Junge Ballerina<\/h4><span style=\"margin: 6px 0px;\" class=\"separator transparent\"><\/span>Bronze<\/div>[vc_separator type=&#8220;transparent&#8220; thickness=&#8220;0&#8243; up=&#8220;0&#8243; down=&#8220;43&#8243;]<div class=\"image_with_text\"><img decoding=\"async\" itemprop=\"image\" src=\"https:\/\/www.fondazioneepper.ch\/wp-content\/uploads\/2021\/02\/2c70e7e7919d4efde99bc87916a85596ZFXfCgI6hRFHWFYy-0.jpg\" alt=\"Die Kaltschweibere \u2013 1924\u2028\" \/><h4 >Die Kaltschweibere \u2013 1924\u2028<\/h4><span style=\"margin: 6px 0px;\" class=\"separator transparent\"><\/span>Kohle auf Papier<\/div>[vc_separator type=&#8220;transparent&#8220; thickness=&#8220;0&#8243; up=&#8220;0&#8243; down=&#8220;50&#8243;][\/vc_column][vc_column offset=&#8220;vc_col-lg-6 vc_col-md-6&#8243; css=&#8220;.vc_custom_1610987885334{padding-right: 8% !important;padding-left: 8% !important;}&#8220;][vc_separator type=&#8220;transparent&#8220; thickness=&#8220;0&#8243; up=&#8220;0&#8243; down=&#8220;50&#8243;][vc_column_text]<\/p>\n<h3><span style=\"color: #000000; font-size: 28px;\">Mischa Epper | <\/span><span style=\"color: #a21a16; font-size: 28px;\"> Die Arbeiten<br \/>\n<\/span><\/h3>\n<p>[\/vc_column_text][vc_separator type=&#8220;transparent&#8220; thickness=&#8220;0&#8243; up=&#8220;0&#8243; down=&#8220;43&#8243;][vc_column_text]<\/p>\n<h4>Mischa Epper, k\u00fcnstlerisch weniger profiliert, hat sich im Gegensatz zu ihrem Mann nicht in den Idealen des Expressionismus wiedererkannt. Ihre Zeichnungen und Skulpturen, in der Tradition eines Maillol oder Despiau, sind vom Klima des Klassizismus durchdrungen. Die vielen Portr\u00e4ts und Figuren aus Gips oder Ton zeugen von einer sorgf\u00e4ltigen Untersuchung des Charakters und der Psychologie des Themas.<\/h4>\n<p>[\/vc_column_text][vc_separator type=&#8220;transparent&#8220; thickness=&#8220;0&#8243; up=&#8220;0&#8243; down=&#8220;27&#8243;][vc_column_text]<\/p>\n<h4>Auf vielen Zeichnungen ist der Einfluss des Psychologen C. G. Jung zu erkennen, der mit den Eheleuten Epper eine lange spirituelle Beziehung unterh\u00e4lt.\u2028Mischa Epper ist bekannt f\u00fcr ihre Skizzen und die Schaffung von Marionetten f\u00fcr das \u201cMarionettentheater\u201d in Ascona, das in den Jahren 1937-1960 eine bemerkenswerte Resonanz hatte.<br \/>\n<\/h4>\n<p>[\/vc_column_text][vc_separator type=&#8220;transparent&#8220; thickness=&#8220;0&#8243; up=&#8220;0&#8243; down=&#8220;37&#8243;]<div class=\"image_with_text\"><img decoding=\"async\" itemprop=\"image\" src=\"https:\/\/www.fondazioneepper.ch\/wp-content\/uploads\/2021\/02\/3104fe25f82a483dbe9c4de9ff43206boHBFQmnyvcK8VbMW-0.jpg\" alt=\"Marionetten aus Holz von Mischa Marionettentheater von Ascona - 1937\/1960\u2028\" \/><h4 >Marionetten aus Holz von Mischa Marionettentheater von Ascona - 1937\/1960\u2028<\/h4><span style=\"margin: 6px 0px;\" class=\"separator transparent\"><\/span>Mischtechnik<\/div>[\/vc_column][\/vc_row]<\/p>\n","protected":false},"excerpt":{"rendered":"<p>[vc_row css_animation=&#8220;&#8220; row_type=&#8220;row&#8220; use_row_as_full_screen_section=&#8220;no&#8220; type=&#8220;grid&#8220; angled_section=&#8220;no&#8220; text_align=&#8220;left&#8220; background_image_as_pattern=&#8220;with_pattern&#8220; css=&#8220;.vc_custom_1610987720755{padding-top: 91px !important;padding-bottom: 50px !important;}&#8220; z_index=&#8220;&#8220; el_class=&#8220;no-bckg-img-ipad&#8220;][vc_column offset=&#8220;vc_col-lg-6 vc_col-md-6&#8243; css=&#8220;.vc_custom_1610987877122{padding-right: 8% !important;padding-left: 8% !important;}&#8220;][vc_separator type=&#8220;transparent&#8220; thickness=&#8220;0&#8243; up=&#8220;0&#8243; down=&#8220;50&#8243;][vc_column_text] Ignaz Epper | Die Arbeiten [\/vc_column_text][vc_separator type=&#8220;transparent&#8220; thickness=&#8220;0&#8243; up=&#8220;0&#8243; down=&#8220;43&#8243;][vc_column_text] Ignaz Epper ist einer der f\u00fchrenden Exponenten des Schweizer&#8230;<\/p>\n","protected":false},"author":3,"featured_media":0,"parent":0,"menu_order":0,"comment_status":"closed","ping_status":"closed","template":"full_width.php","meta":{"om_disable_all_campaigns":false,"_monsterinsights_skip_tracking":false,"_monsterinsights_sitenote_active":false,"_monsterinsights_sitenote_note":"","_monsterinsights_sitenote_category":0,"footnotes":""},"class_list":["post-1008","page","type-page","status-publish","hentry"],"yoast_head":"<!-- This site is optimized with the Yoast SEO plugin v23.1 - https:\/\/yoast.com\/wordpress\/plugins\/seo\/ -->\n<title>Arbeiten - Fondazione Epper<\/title>\n<meta name=\"robots\" content=\"index, follow, max-snippet:-1, max-image-preview:large, max-video-preview:-1\" \/>\n<link rel=\"canonical\" href=\"https:\/\/www.fondazioneepper.ch\/de\/arbeiten\/\" \/>\n<meta property=\"og:locale\" content=\"de_DE\" \/>\n<meta property=\"og:type\" content=\"article\" \/>\n<meta property=\"og:title\" content=\"Arbeiten - Fondazione Epper\" \/>\n<meta property=\"og:description\" content=\"[vc_row css_animation=&#8220;&#8220; row_type=&#8220;row&#8220; use_row_as_full_screen_section=&#8220;no&#8220; type=&#8220;grid&#8220; angled_section=&#8220;no&#8220; text_align=&#8220;left&#8220; background_image_as_pattern=&#8220;with_pattern&#8220; css=&#8220;.vc_custom_1610987720755{padding-top: 91px !important;padding-bottom: 50px !important;}&#8220; z_index=&#8220;&#8220; el_class=&#8220;no-bckg-img-ipad&#8220;][vc_column offset=&#8220;vc_col-lg-6 vc_col-md-6&#8243; css=&#8220;.vc_custom_1610987877122{padding-right: 8% !important;padding-left: 8% !important;}&#8220;][vc_separator type=&#8220;transparent&#8220; thickness=&#8220;0&#8243; up=&#8220;0&#8243; down=&#8220;50&#8243;][vc_column_text] Ignaz Epper | Die Arbeiten [\/vc_column_text][vc_separator type=&#8220;transparent&#8220; thickness=&#8220;0&#8243; up=&#8220;0&#8243; down=&#8220;43&#8243;][vc_column_text] Ignaz Epper ist einer der f\u00fchrenden Exponenten des Schweizer...\" \/>\n<meta property=\"og:url\" content=\"https:\/\/www.fondazioneepper.ch\/de\/arbeiten\/\" \/>\n<meta property=\"og:site_name\" content=\"Fondazione Epper\" \/>\n<meta property=\"article:publisher\" content=\"https:\/\/www.facebook.com\/fondazioneepper\/\" \/>\n<meta property=\"article:modified_time\" content=\"2021-04-21T15:04:23+00:00\" \/>\n<meta name=\"twitter:card\" content=\"summary_large_image\" \/>\n<meta name=\"twitter:label1\" content=\"Gesch\u00e4tzte Lesezeit\" \/>\n\t<meta name=\"twitter:data1\" content=\"3\u00a0Minuten\" \/>\n<script type=\"application\/ld+json\" class=\"yoast-schema-graph\">{\"@context\":\"https:\/\/schema.org\",\"@graph\":[{\"@type\":\"WebPage\",\"@id\":\"https:\/\/www.fondazioneepper.ch\/de\/arbeiten\/\",\"url\":\"https:\/\/www.fondazioneepper.ch\/de\/arbeiten\/\",\"name\":\"Arbeiten - Fondazione Epper\",\"isPartOf\":{\"@id\":\"https:\/\/www.fondazioneepper.ch\/#website\"},\"datePublished\":\"2021-04-21T15:04:22+00:00\",\"dateModified\":\"2021-04-21T15:04:23+00:00\",\"breadcrumb\":{\"@id\":\"https:\/\/www.fondazioneepper.ch\/de\/arbeiten\/#breadcrumb\"},\"inLanguage\":\"de\",\"potentialAction\":[{\"@type\":\"ReadAction\",\"target\":[\"https:\/\/www.fondazioneepper.ch\/de\/arbeiten\/\"]}]},{\"@type\":\"BreadcrumbList\",\"@id\":\"https:\/\/www.fondazioneepper.ch\/de\/arbeiten\/#breadcrumb\",\"itemListElement\":[{\"@type\":\"ListItem\",\"position\":1,\"name\":\"Home\",\"item\":\"https:\/\/www.fondazioneepper.ch\/de\/home\/\"},{\"@type\":\"ListItem\",\"position\":2,\"name\":\"Arbeiten\"}]},{\"@type\":\"WebSite\",\"@id\":\"https:\/\/www.fondazioneepper.ch\/#website\",\"url\":\"https:\/\/www.fondazioneepper.ch\/\",\"name\":\"Fondazione Epper\",\"description\":\"ASCONA\",\"publisher\":{\"@id\":\"https:\/\/www.fondazioneepper.ch\/#organization\"},\"potentialAction\":[{\"@type\":\"SearchAction\",\"target\":{\"@type\":\"EntryPoint\",\"urlTemplate\":\"https:\/\/www.fondazioneepper.ch\/?s={search_term_string}\"},\"query-input\":\"required name=search_term_string\"}],\"inLanguage\":\"de\"},{\"@type\":\"Organization\",\"@id\":\"https:\/\/www.fondazioneepper.ch\/#organization\",\"name\":\"Fondazione Epper\",\"url\":\"https:\/\/www.fondazioneepper.ch\/\",\"logo\":{\"@type\":\"ImageObject\",\"inLanguage\":\"de\",\"@id\":\"https:\/\/www.fondazioneepper.ch\/#\/schema\/logo\/image\/\",\"url\":\"https:\/\/www.fondazioneepper.ch\/wp-content\/uploads\/2021\/01\/logo-Epper-light.svg\",\"contentUrl\":\"https:\/\/www.fondazioneepper.ch\/wp-content\/uploads\/2021\/01\/logo-Epper-light.svg\",\"width\":172,\"height\":91,\"caption\":\"Fondazione Epper\"},\"image\":{\"@id\":\"https:\/\/www.fondazioneepper.ch\/#\/schema\/logo\/image\/\"},\"sameAs\":[\"https:\/\/www.facebook.com\/fondazioneepper\/\",\"https:\/\/www.instagram.com\/fondazioneepper\/\"]}]}<\/script>\n<!-- \/ Yoast SEO plugin. -->","yoast_head_json":{"title":"Arbeiten - Fondazione Epper","robots":{"index":"index","follow":"follow","max-snippet":"max-snippet:-1","max-image-preview":"max-image-preview:large","max-video-preview":"max-video-preview:-1"},"canonical":"https:\/\/www.fondazioneepper.ch\/de\/arbeiten\/","og_locale":"de_DE","og_type":"article","og_title":"Arbeiten - Fondazione Epper","og_description":"[vc_row css_animation=&#8220;&#8220; row_type=&#8220;row&#8220; use_row_as_full_screen_section=&#8220;no&#8220; type=&#8220;grid&#8220; angled_section=&#8220;no&#8220; text_align=&#8220;left&#8220; background_image_as_pattern=&#8220;with_pattern&#8220; css=&#8220;.vc_custom_1610987720755{padding-top: 91px !important;padding-bottom: 50px !important;}&#8220; z_index=&#8220;&#8220; el_class=&#8220;no-bckg-img-ipad&#8220;][vc_column offset=&#8220;vc_col-lg-6 vc_col-md-6&#8243; css=&#8220;.vc_custom_1610987877122{padding-right: 8% !important;padding-left: 8% !important;}&#8220;][vc_separator type=&#8220;transparent&#8220; thickness=&#8220;0&#8243; up=&#8220;0&#8243; down=&#8220;50&#8243;][vc_column_text] Ignaz Epper | Die Arbeiten [\/vc_column_text][vc_separator type=&#8220;transparent&#8220; thickness=&#8220;0&#8243; up=&#8220;0&#8243; down=&#8220;43&#8243;][vc_column_text] Ignaz Epper ist einer der f\u00fchrenden Exponenten des Schweizer...","og_url":"https:\/\/www.fondazioneepper.ch\/de\/arbeiten\/","og_site_name":"Fondazione Epper","article_publisher":"https:\/\/www.facebook.com\/fondazioneepper\/","article_modified_time":"2021-04-21T15:04:23+00:00","twitter_card":"summary_large_image","twitter_misc":{"Gesch\u00e4tzte Lesezeit":"3\u00a0Minuten"},"schema":{"@context":"https:\/\/schema.org","@graph":[{"@type":"WebPage","@id":"https:\/\/www.fondazioneepper.ch\/de\/arbeiten\/","url":"https:\/\/www.fondazioneepper.ch\/de\/arbeiten\/","name":"Arbeiten - Fondazione Epper","isPartOf":{"@id":"https:\/\/www.fondazioneepper.ch\/#website"},"datePublished":"2021-04-21T15:04:22+00:00","dateModified":"2021-04-21T15:04:23+00:00","breadcrumb":{"@id":"https:\/\/www.fondazioneepper.ch\/de\/arbeiten\/#breadcrumb"},"inLanguage":"de","potentialAction":[{"@type":"ReadAction","target":["https:\/\/www.fondazioneepper.ch\/de\/arbeiten\/"]}]},{"@type":"BreadcrumbList","@id":"https:\/\/www.fondazioneepper.ch\/de\/arbeiten\/#breadcrumb","itemListElement":[{"@type":"ListItem","position":1,"name":"Home","item":"https:\/\/www.fondazioneepper.ch\/de\/home\/"},{"@type":"ListItem","position":2,"name":"Arbeiten"}]},{"@type":"WebSite","@id":"https:\/\/www.fondazioneepper.ch\/#website","url":"https:\/\/www.fondazioneepper.ch\/","name":"Fondazione Epper","description":"ASCONA","publisher":{"@id":"https:\/\/www.fondazioneepper.ch\/#organization"},"potentialAction":[{"@type":"SearchAction","target":{"@type":"EntryPoint","urlTemplate":"https:\/\/www.fondazioneepper.ch\/?s={search_term_string}"},"query-input":"required name=search_term_string"}],"inLanguage":"de"},{"@type":"Organization","@id":"https:\/\/www.fondazioneepper.ch\/#organization","name":"Fondazione Epper","url":"https:\/\/www.fondazioneepper.ch\/","logo":{"@type":"ImageObject","inLanguage":"de","@id":"https:\/\/www.fondazioneepper.ch\/#\/schema\/logo\/image\/","url":"https:\/\/www.fondazioneepper.ch\/wp-content\/uploads\/2021\/01\/logo-Epper-light.svg","contentUrl":"https:\/\/www.fondazioneepper.ch\/wp-content\/uploads\/2021\/01\/logo-Epper-light.svg","width":172,"height":91,"caption":"Fondazione Epper"},"image":{"@id":"https:\/\/www.fondazioneepper.ch\/#\/schema\/logo\/image\/"},"sameAs":["https:\/\/www.facebook.com\/fondazioneepper\/","https:\/\/www.instagram.com\/fondazioneepper\/"]}]}},"_links":{"self":[{"href":"https:\/\/www.fondazioneepper.ch\/de\/wp-json\/wp\/v2\/pages\/1008"}],"collection":[{"href":"https:\/\/www.fondazioneepper.ch\/de\/wp-json\/wp\/v2\/pages"}],"about":[{"href":"https:\/\/www.fondazioneepper.ch\/de\/wp-json\/wp\/v2\/types\/page"}],"author":[{"embeddable":true,"href":"https:\/\/www.fondazioneepper.ch\/de\/wp-json\/wp\/v2\/users\/3"}],"replies":[{"embeddable":true,"href":"https:\/\/www.fondazioneepper.ch\/de\/wp-json\/wp\/v2\/comments?post=1008"}],"version-history":[{"count":0,"href":"https:\/\/www.fondazioneepper.ch\/de\/wp-json\/wp\/v2\/pages\/1008\/revisions"}],"wp:attachment":[{"href":"https:\/\/www.fondazioneepper.ch\/de\/wp-json\/wp\/v2\/media?parent=1008"}],"curies":[{"name":"wp","href":"https:\/\/api.w.org\/{rel}","templated":true}]}}