{"id":1051,"date":"2021-04-21T17:23:44","date_gmt":"2021-04-21T15:23:44","guid":{"rendered":"http:\/\/www.shadowdemo.it\/webepper\/geschichte\/"},"modified":"2022-02-28T15:29:45","modified_gmt":"2022-02-28T14:29:45","slug":"geschichte","status":"publish","type":"page","link":"https:\/\/www.fondazioneepper.ch\/de\/geschichte\/","title":{"rendered":"Geschichte"},"content":{"rendered":"<p>[vc_row css_animation=&#8220;&#8220; row_type=&#8220;row&#8220; use_row_as_full_screen_section=&#8220;no&#8220; type=&#8220;grid&#8220; angled_section=&#8220;no&#8220; text_align=&#8220;left&#8220; background_image_as_pattern=&#8220;with_pattern&#8220; css=&#8220;.vc_custom_1610981255369{padding-top: 91px !important;padding-bottom: 50px !important;background-image: url(http:\/\/www.shadowdemo.it\/epper\/wp-content\/uploads\/2018\/01\/background-lines.png?id=104) !important;}&#8220; z_index=&#8220;&#8220; el_class=&#8220;no-bckg-img-ipad&#8220;][vc_column offset=&#8220;vc_col-lg-6 vc_col-md-6&#8243;][vc_separator type=&#8220;transparent&#8220; thickness=&#8220;0&#8243; up=&#8220;0&#8243; down=&#8220;50&#8243;][vc_single_image image=&#8220;1324&#8243; img_size=&#8220;full&#8220; qode_css_animation=&#8220;&#8220;][vc_separator type=&#8220;transparent&#8220; thickness=&#8220;0&#8243; up=&#8220;0&#8243; down=&#8220;50&#8243;][\/vc_column][vc_column offset=&#8220;vc_col-lg-6 vc_col-md-6&#8243;][vc_separator type=&#8220;transparent&#8220; thickness=&#8220;0&#8243; up=&#8220;0&#8243; down=&#8220;50&#8243;][vc_column_text]<\/p>\n<h3><span style=\"color: #000000; font-size: 28px;\">Ignaz <\/span><span style=\"color: #a21a16; font-size: 28px;\">Epper<br \/>\n<\/span><\/h3>\n<p>[\/vc_column_text][vc_separator type=&#8220;transparent&#8220; thickness=&#8220;0&#8243; up=&#8220;0&#8243; down=&#8220;43&#8243;][vc_column_text]<\/p>\n<h4>Geboren am 6. Juli 1892 in St. Gallen. Zwischen 1908 und 1912 wird er als Stickereizeichner und -designer ausgebildet und seit 1913 arbeitet er als freier K\u00fcnstler in Weimar und M\u00fcnchen. Dann er realisiert die ersten Holzschnitte und die ersten Lithographien.<\/h4>\n<p>[\/vc_column_text][vc_separator type=&#8220;transparent&#8220; thickness=&#8220;0&#8243; up=&#8220;0&#8243; down=&#8220;27&#8243;][vc_column_text]In den Jahren 1916-17 lernt er Han Coray und Fritz Pauli kennen. 1919 heiratet er Mischa Quarles van Ufford und reist zum ersten Mal nach Ascona. In den Z\u00fcrcher Jahren bis 1932 lernt er zahlreiche Maler und Bildhauer (Geiser, Fischer, K\u00fcnding, Rabinovitch, Suzanne Schwob, Stanzani, Wiemken) und mehrere Schriftsteller (B\u00fchrer, Humm, Morgenthaler, Pulver, R\u00f6lli) kennen. Im Laufe der Jahre f\u00fchrt er mehr oder weniger l\u00e4ngere Aufenthalte im Tessin und im Ausland durch, insbesondere in Deutschland (Berlin und Dresden), Frankreich (Collioure, Paris, Bretagne), Holland und S\u00fcditalien. Im Winter 1932 zieht er nach Ascona, wo er bis 1938 im Pasini-Haus lebt, und ab 2020 wohnt er dann in seinem Haus, das sp\u00e4ter zum Museumshaus wurde. In Ascona schlie\u00dft er Freundschaft mit Robert Sch\u00fcrch und Carl Gustav Jung und frequentiert den Eranos-Zirkel. Auch w\u00e4hrend der Jahre in Ascona unternimmt er zahlreiche Auslandsreisen (Frankreich, Italien, Niederlande, Balkanl\u00e4nder, Griechenland und Libyen).\u2028[\/vc_column_text][vc_separator type=&#8220;transparent&#8220; thickness=&#8220;0&#8243; up=&#8220;0&#8243; down=&#8220;43&#8243;]\n\n\t<a href=\"#\" target=\"_self\" style=\"color: #10181d;font-family: Vidaloka;font-size: 16px;font-weight: 400;text-transform: none;font-style: normal\" class=\"qode-btn qode-btn-medium qode-btn-simple qode-btn-custom-hover-color button-with-line no_display qode-btn-default-hover\" data-hover-color=\"rgba(16,24,29,0.75)\" >\n\t    <span class=\"qode-btn-text\">Read more<\/span>\t<\/a>\n\n[vc_separator type=&#8220;transparent&#8220; thickness=&#8220;0&#8243; up=&#8220;0&#8243; down=&#8220;50&#8243;][\/vc_column][\/vc_row][vc_row css_animation=&#8220;&#8220; row_type=&#8220;row&#8220; use_row_as_full_screen_section=&#8220;no&#8220; type=&#8220;grid&#8220; angled_section=&#8220;no&#8220; text_align=&#8220;left&#8220; background_image_as_pattern=&#8220;with_pattern&#8220; css=&#8220;.vc_custom_1610981255369{padding-top: 91px !important;padding-bottom: 50px !important;background-image: url(http:\/\/www.shadowdemo.it\/epper\/wp-content\/uploads\/2018\/01\/background-lines.png?id=104) !important;}&#8220; z_index=&#8220;&#8220; el_class=&#8220;no-bckg-img-ipad&#8220;][vc_column offset=&#8220;vc_col-lg-6 vc_col-md-6&#8243;][vc_single_image image=&#8220;1329&#8243; img_size=&#8220;full&#8220; qode_css_animation=&#8220;&#8220;][vc_separator type=&#8220;transparent&#8220; thickness=&#8220;0&#8243; up=&#8220;0&#8243; down=&#8220;50&#8243;][\/vc_column][vc_column offset=&#8220;vc_col-lg-6 vc_col-md-6&#8243;][vc_separator type=&#8220;transparent&#8220; thickness=&#8220;0&#8243; up=&#8220;0&#8243; down=&#8220;50&#8243;][vc_column_text]<\/p>\n<h3><span style=\"color: #000000; font-size: 28px;\">Mischa <\/span><span style=\"color: #a21a16; font-size: 28px;\">Epper<br \/>\n<\/span><\/h3>\n<p>[\/vc_column_text][vc_separator type=&#8220;transparent&#8220; thickness=&#8220;0&#8243; up=&#8220;0&#8243; down=&#8220;43&#8243;][vc_column_text]<\/p>\n<h4>Geboren am 18. August 1901 in Bloemendaal (Niederlande). Zieht 1918 nach Z\u00fcrich, wo sie Han Coray, Fritz Pauli und Ignaz Epper kennenlernt, den sie 1919 heiratet. 1922 besucht sie einen Tanzkurs in Dresden von Mary Wigman und lernt Hermann Haller kenn.<\/h4>\n<p>[\/vc_column_text][vc_separator type=&#8220;transparent&#8220; thickness=&#8220;0&#8243; up=&#8220;0&#8243; down=&#8220;27&#8243;][vc_column_text]1923 arbeitet sie als Auszubildende im Atelier Baltensperger in Z\u00fcrich und 1924 illustriert sie \u201cWoly, Sommer im S\u00fcden\u201d von Hans Morgenthaler. 1930 lernt sie Franz Fischer kennen, dessen Sch\u00fclerin sie wird, sowie Emilio Stanzani. 1932 zog sie nach Ascona. 1933-34 ist sie Sch\u00fclerin von Charles Despiau in Paris sowie von Pierre Baud in Genf. Sie lernt Otto Charles B\u00e4nninger, Germaine Richier und Remo Rossi kennen. \u20281937 arbeitet sie mit dem Marionettntheater Ascona zusammen. In den folgenden Jahren f\u00fchrt Mischa zahlreiche Portr\u00e4ts aus, darunter auch die von Jung.\u2028Sie stirbt am 22. Oktober 1978 in Basel.[\/vc_column_text][vc_separator type=&#8220;transparent&#8220; thickness=&#8220;0&#8243; up=&#8220;0&#8243; down=&#8220;43&#8243;]\n\n\t<a href=\"#\" target=\"_self\" style=\"color: #10181d;font-family: Vidaloka;font-size: 16px;font-weight: 400;text-transform: none;font-style: normal\" class=\"qode-btn qode-btn-medium qode-btn-simple qode-btn-custom-hover-color button-with-line no_display qode-btn-default-hover\" data-hover-color=\"rgba(16,24,29,0.75)\" >\n\t    <span class=\"qode-btn-text\">Read more<\/span>\t<\/a>\n\n[vc_separator type=&#8220;transparent&#8220; thickness=&#8220;0&#8243; up=&#8220;0&#8243; down=&#8220;50&#8243;][\/vc_column][\/vc_row][vc_row css_animation=&#8220;&#8220; row_type=&#8220;row&#8220; use_row_as_full_screen_section=&#8220;no&#8220; type=&#8220;grid&#8220; angled_section=&#8220;no&#8220; text_align=&#8220;left&#8220; background_image_as_pattern=&#8220;without_pattern&#8220; z_index=&#8220;&#8220; css=&#8220;.vc_custom_1610981442651{padding-top: 120px !important;background-image: url(http:\/\/www.shadowdemo.it\/epper\/wp-content\/uploads\/2018\/01\/background-lines.png?id=104) !important;}&#8220; el_class=&#8220;no-bckg-img-ipad no_display&#8220;][vc_column width=&#8220;1\/2&#8243; offset=&#8220;vc_col-lg-3 vc_col-md-3&#8243; css=&#8220;.vc_custom_1603722151250{background-image: url(http:\/\/www.shadowdemo.it\/epper\/wp-content\/uploads\/2020\/10\/Background-text.svg?id=362) !important;background-position: center !important;background-repeat: no-repeat !important;background-size: contain !important;}&#8220;][vc_column_text]<\/p>\n<h3><span style=\"color: #000000; font-size: 28px;\">La Fondazione <\/span><span style=\"color: #a21a16; font-size: 28px;\"><br \/>\nIgnaz <span style=\"color: #000000;\">e<\/span> Mischa Epper.<\/span><\/h3>\n<p>[\/vc_column_text][\/vc_column][vc_column width=&#8220;1\/2&#8243; offset=&#8220;vc_col-lg-9 vc_col-md-9&#8243; css=&#8220;.vc_custom_1603719504859{margin-top: 32px !important;}&#8220;][vc_column_text]<span style=\"color: #77797a; font-size: 18px;\"> Nata nel novembre 1978, la Fondazione ha lo scopo di \u201ccustodire, curare e rendere accessibile al pubblico, senza fine utilitario, l&#8217;opera artistica di <strong>Ignaz Epper<\/strong> e di <strong>Mischa Epper<\/strong> nella sede; dare la possibilit\u00e0 ad artisti, storici dell&#8217;arte, studenti di storia dell&#8217;arte psicologi, senza distinzione di nazionalit\u00e0 e religione, di lavorare temporaneamente nella sede, in particolare per lavori di studio sull&#8217;opera di Ignaz Epper e\/o di Mischa Epper, o per altre attivit\u00e0 che perseguono uno scopo artistico analogo. I locali di esposizione nella sede possono essere messi a disposizione del pubblico, per esposizioni, concerti o conferenze, sotto la sorveglianza del conservatore\u201d.<\/span>[\/vc_column_text][vc_empty_space][vc_column_text]<span style=\"color: #77797a; font-size: 18px;\">La sede della Fondazione \u00e8 stata la casa museo dei coniugi Epper dal 1978 fino all\u2019autunno 2020, quando si \u00e8 reso necessario il trasferimento in un luogo pi\u00f9 confacente alla conservazione del suo patrimonio culturale e artistico a garanzia della sua effettiva fruibilit\u00e0 da parte del pubblico. La nuova sede \u00e8 stata individuata negli spazi della Fondazione Rolf G\u00e9rard, realt\u00e0 con la quale la Fondazione Epper ha creato forti sinergie che rendono ancora pi\u00f9 completa e facilmente fruibile l\u2019offerta al pubblico.<\/span>[\/vc_column_text][vc_empty_space][vc_column_text]<span style=\"color: #77797a; font-size: 18px;\">Il Consiglio di fondazione \u00e8 custode attento di questo importante lascito culturale e desidera promuoverlo nel contesto della rete culturale asconese, l\u2019ubicazione nel nucleo ed in una casa storica patrizia e sulla centralissima via Borga favorisce certamente questa integrazione.<\/span>[\/vc_column_text][vc_empty_space][vc_column_text]<span style=\"color: #77797a; font-size: 18px;\">La nuova sede offrir\u00e0 un archivio storico fribile al pubblico (servizio fino ad oggi non disponibile per motivi logistici) dove poter studiare approfondire e conoscere la vasta opera di Epper.<\/span><br \/>\n<span style=\"color: #77797a; font-size: 18px;\">In questo contesto di rivalutazione sar\u00e0 pure impegno della Fondazione pubblicare, promuovere attraverso internet e i social le attivit\u00e0 da noi promosse. La creazione di questo sito internet vuole ulteriormente favorire la miglior conoscenza di questo grande artista.<\/span>[\/vc_column_text][vc_empty_space][vc_column_text]<span style=\"color: #77797a; font-size: 18px;\"><strong>Maurizio Checchi<\/strong><br \/>\nPresidente della Fondazione<br \/>\nVicesindaco del Borgo di Ascona <\/span>[\/vc_column_text][vc_empty_space][vc_column_text]<\/p>\n<h3><span style=\"color: #77797a; font-size: 18px;\"> Membri della Fondazione:<br \/>\nChecchi Maurizio \u2013 Presidente<br \/>\nBlok David \u2013 Vicepresidente<br \/>\nFacchini Marco<br \/>\nLappe Francesca<br \/>\nOrsi Augusto <\/span><\/h3>\n<p>[\/vc_column_text][vc_empty_space][\/vc_column][\/vc_row][vc_row css_animation=&#8220;&#8220; row_type=&#8220;row&#8220; use_row_as_full_screen_section=&#8220;no&#8220; type=&#8220;grid&#8220; angled_section=&#8220;no&#8220; text_align=&#8220;left&#8220; background_image_as_pattern=&#8220;without_pattern&#8220; z_index=&#8220;&#8220; css=&#8220;.vc_custom_1603719364129{padding-top: 120px !important;background-image: url(http:\/\/bridge131.qodeinteractive.com\/wp-content\/uploads\/2018\/01\/background-lines.png?id=104) !important;}&#8220; el_class=&#8220;no-bckg-img-ipad no_display&#8220;][vc_column offset=&#8220;vc_col-lg-3 vc_col-md-3&#8243; css=&#8220;.vc_custom_1603719212401{margin-top: 10px !important;background-image: url(http:\/\/www.shadowdemo.it\/epper\/wp-content\/uploads\/2020\/10\/Sfondo-testo.svg?id=364) !important;background-position: center !important;background-repeat: no-repeat !important;background-size: contain !important;}&#8220;][vc_column_text]<\/p>\n<h3><span style=\"color: #000000; font-size: 26px;\">La <span style=\"color: #a21a16;\">Fondazione<\/span> ha lo scopo di custodire, curare e rendere accessibile al pubblico, senza fine utilitario, l&#8217;opera artistica di <span style=\"color: #a21a16;\">Ignaz<\/span> Epper e di <span style=\"color: #a21a16;\">Mischa<\/span> Epper.<\/span><\/h3>\n<p>[\/vc_column_text][vc_empty_space height=&#8220;64px&#8220;]\n\n\t<a href=\"#\" target=\"_self\" style=\"color: #10181d;font-family: Vidaloka;font-size: 16px;font-weight: 400;text-transform: none;font-style: normal\" class=\"qode-btn qode-btn-medium qode-btn-simple qode-btn-custom-hover-color button-with-line no_display qode-btn-default-hover\" data-hover-color=\"rgba(16,24,29,0.75)\" >\n\t    <span class=\"qode-btn-text\">Read more<\/span>\t<\/a>\n\n[\/vc_column][vc_column offset=&#8220;vc_col-lg-9 vc_col-md-9&#8243;][qode_elements_holder number_of_columns=&#8220;one_column&#8220;][qode_elements_holder_item advanced_animations=&#8220;no&#8220; item_padding=&#8220;0 50px 0 0&#8243; item_padding_1024_1280=&#8220;8px 50px 0 0&#8243; item_padding_600_768=&#8220;55px 50px 0 0&#8243; item_padding_480=&#8220;41px 0 0 0&#8243;][vc_single_image image=&#8220;474&#8243; img_size=&#8220;full&#8220; qode_css_animation=&#8220;&#8220;][\/qode_elements_holder_item][\/qode_elements_holder][\/vc_column][\/vc_row][vc_row css_animation=&#8220;&#8220; row_type=&#8220;row&#8220; use_row_as_full_screen_section=&#8220;no&#8220; type=&#8220;grid&#8220; angled_section=&#8220;no&#8220; text_align=&#8220;center&#8220; background_image_as_pattern=&#8220;without_pattern&#8220; z_index=&#8220;&#8220; css=&#8220;.vc_custom_1603719369598{padding-top: 120px !important;padding-bottom: 120px !important;background-image: url(http:\/\/www.shadowdemo.it\/epper\/wp-content\/uploads\/2018\/01\/background-lines.png?id=104) !important;}&#8220; el_class=&#8220;no-bckg-img-ipad no_display&#8220;][vc_column width=&#8220;1\/2&#8243; css=&#8220;.vc_custom_1603710405667{padding-right: 10% !important;}&#8220;][\/vc_column][vc_column width=&#8220;1\/2&#8243; css=&#8220;.vc_custom_1603710383166{padding-right: 5% !important;padding-left: 5% !important;}&#8220;][vc_column_text]<\/p>\n<p style=\"text-align: left;\"><span style=\"color: #77797a; font-size: 21px;\">Dare la possibilit\u00e0 ad artisti, storici dell&#8217;arte, studenti di storia dell&#8217;arte psicologi, senza distinzione di nazionalit\u00e0 e religione, di lavorare temporaneamente nella sede, in particolare per lavori di studio sull&#8217;opera di<em><strong> Ignaz Epper<\/strong><\/em> e\/o di <strong><em>Mischa Epper<\/em><\/strong>, o per altre attivit\u00e0 che perseguono uno scopo artistico analogo.\u00a0<\/span><\/p>\n<p>[\/vc_column_text][\/vc_column][\/vc_row][vc_row css_animation=&#8220;&#8220; row_type=&#8220;row&#8220; use_row_as_full_screen_section=&#8220;no&#8220; type=&#8220;grid&#8220; angled_section=&#8220;no&#8220; text_align=&#8220;center&#8220; background_image_as_pattern=&#8220;without_pattern&#8220; z_index=&#8220;&#8220; css=&#8220;.vc_custom_1610981484005{padding-top: 120px !important;padding-bottom: 120px !important;background-image: url(http:\/\/www.shadowdemo.it\/epper\/wp-content\/uploads\/2018\/01\/background-lines.png?id=104) !important;}&#8220; el_class=&#8220;no-bckg-img-ipad no_display&#8220;][vc_column width=&#8220;1\/2&#8243;][vc_single_image image=&#8220;582&#8243; img_size=&#8220;full&#8220; qode_css_animation=&#8220;&#8220;][vc_empty_space height=&#8220;12px&#8220;][vc_column_text el_class=&#8220;no_display&#8220;]<span style=\"color: #000000; font-sise: 18px;\">L&#8217;esterno della Fondazione nel 1981.<\/span>[\/vc_column_text][\/vc_column][vc_column width=&#8220;1\/2&#8243;][vc_single_image image=&#8220;585&#8243; img_size=&#8220;full&#8220; qode_css_animation=&#8220;&#8220;][vc_empty_space height=&#8220;12px&#8220;][vc_column_text el_class=&#8220;no_display&#8220;]<span style=\"color: #000000; font-sise: 18px;\">L&#8217;esterno della Fondazione nel 1981.<\/span>[\/vc_column_text][\/vc_column][\/vc_row][vc_row css_animation=&#8220;&#8220; row_type=&#8220;row&#8220; use_row_as_full_screen_section=&#8220;no&#8220; type=&#8220;grid&#8220; angled_section=&#8220;no&#8220; text_align=&#8220;center&#8220; background_image_as_pattern=&#8220;without_pattern&#8220; z_index=&#8220;&#8220; css=&#8220;.vc_custom_1603721689835{padding-top: 120px !important;padding-bottom: 120px !important;background-image: url(http:\/\/www.shadowdemo.it\/epper\/wp-content\/uploads\/2018\/01\/background-lines.png?id=104) !important;}&#8220; el_class=&#8220;no-bckg-img-ipad no_display&#8220;][vc_column width=&#8220;1\/2&#8243;][vc_empty_space height=&#8220;12px&#8220;]<div class=\"image_with_text\"><img decoding=\"async\" itemprop=\"image\" src=\"\" alt=\"IGNAZ EPPER\" \/><h3 >IGNAZ EPPER<\/h3><span style=\"margin: 6px 0px;\" class=\"separator transparent\"><\/span><\/div>\n\n\t<a href=\"#\" target=\"_self\" style=\"color: #10181d;font-family: Vidaloka;font-size: 16px;font-weight: 400;text-transform: none;font-style: normal\" class=\"qode-btn qode-btn-medium qode-btn-simple qode-btn-custom-hover-color button-with-line qode-btn-default-hover\" data-hover-color=\"rgba(16,24,29,0.75)\" >\n\t    <span class=\"qode-btn-text\">Read more<\/span>\t<\/a>\n\n[\/vc_column][vc_column width=&#8220;1\/2&#8243;][vc_empty_space height=&#8220;12px&#8220;]<div class=\"image_with_text\"><img decoding=\"async\" itemprop=\"image\" src=\"\" alt=\"MISHA EPPER\" \/><h3 >MISHA EPPER<\/h3><span style=\"margin: 6px 0px;\" class=\"separator transparent\"><\/span><\/div>\n\n\t<a href=\"#\" target=\"_self\" style=\"color: #10181d;font-family: Vidaloka;font-size: 16px;font-weight: 400;text-transform: none;font-style: normal\" class=\"qode-btn qode-btn-medium qode-btn-simple qode-btn-custom-hover-color button-with-line qode-btn-default-hover\" data-hover-color=\"rgba(16,24,29,0.75)\" >\n\t    <span class=\"qode-btn-text\">Read more<\/span>\t<\/a>\n\n[\/vc_column][\/vc_row][vc_row css_animation=&#8220;&#8220; row_type=&#8220;row&#8220; use_row_as_full_screen_section=&#8220;no&#8220; type=&#8220;grid&#8220; angled_section=&#8220;no&#8220; text_align=&#8220;left&#8220; background_image_as_pattern=&#8220;without_pattern&#8220; css=&#8220;.vc_custom_1603708753908{padding-top: 63px !important;padding-bottom: 10px !important;background-image: url(http:\/\/bridge131.qodeinteractive.com\/wp-content\/uploads\/2018\/01\/background-lines.png?id=104) !important;}&#8220; z_index=&#8220;&#8220; el_class=&#8220;no-bckg-img-ipad no_display&#8220;][vc_column width=&#8220;1\/3&#8243; offset=&#8220;vc_col-lg-2 vc_col-md-4&#8243;]<div class='q_icon_with_title medium custom_icon_image center qode_iwt_hover_enabled '><div class=\"icon_holder \" style=\" \"><img decoding=\"async\" itemprop=\"image\" style=\"\" src=\"\" alt=\"\"><\/div><div class=\"icon_text_holder\" style=\"\"><div class=\"icon_text_inner\" style=\"\"><h5 class=\"icon_title\" style=\"\">10am - 5pm<\/h5><p style=''><\/p><\/div><\/div><\/div>[\/vc_column][vc_column width=&#8220;1\/3&#8243; offset=&#8220;vc_col-lg-2 vc_col-md-4&#8243;]<div class='q_icon_with_title medium custom_icon_image center qode_iwt_hover_enabled '><div class=\"icon_holder \" style=\" \"><img decoding=\"async\" itemprop=\"image\" style=\"\" src=\"https:\/\/www.fondazioneepper.ch\/wp-content\/uploads\/2021\/01\/Sfondo-testo.svg\" alt=\"\"><\/div><div class=\"icon_text_holder\" style=\"\"><div class=\"icon_text_inner\" style=\"\"><h5 class=\"icon_title\" style=\"\">Free entry<\/h5><p style=''><\/p><\/div><\/div><\/div>[vc_empty_space height=&#8220;50px&#8220;][\/vc_column][vc_column width=&#8220;1\/3&#8243; offset=&#8220;vc_col-lg-2 vc_col-md-4&#8243;]<div class='q_icon_with_title medium custom_icon_image center qode_iwt_hover_enabled '><div class=\"icon_holder \" style=\" \"><img decoding=\"async\" itemprop=\"image\" style=\"\" src=\"\" alt=\"\"><\/div><div class=\"icon_text_holder\" style=\"\"><div class=\"icon_text_inner\" style=\"\"><h5 class=\"icon_title\" style=\"\">Getting here<\/h5><p style=''><\/p><\/div><\/div><\/div>[vc_empty_space height=&#8220;50px&#8220;][\/vc_column][vc_column width=&#8220;1\/3&#8243; offset=&#8220;vc_col-lg-2 vc_col-md-4&#8243;]<div class='q_icon_with_title medium custom_icon_image center qode_iwt_hover_enabled '><div class=\"icon_holder \" style=\" \"><img decoding=\"async\" itemprop=\"image\" style=\"\" src=\"\" alt=\"\"><\/div><div class=\"icon_text_holder\" style=\"\"><div class=\"icon_text_inner\" style=\"\"><h5 class=\"icon_title\" style=\"\">Gift shop<\/h5><p style=''><\/p><\/div><\/div><\/div>[vc_empty_space height=&#8220;50px&#8220;][\/vc_column][vc_column width=&#8220;1\/3&#8243; offset=&#8220;vc_col-lg-2 vc_col-md-4&#8243;]<div class='q_icon_with_title medium custom_icon_image center qode_iwt_hover_enabled '><div class=\"icon_holder \" style=\" \"><img decoding=\"async\" itemprop=\"image\" style=\"\" src=\"\" alt=\"\"><\/div><div class=\"icon_text_holder\" style=\"\"><div class=\"icon_text_inner\" style=\"\"><h5 class=\"icon_title\" style=\"\">on Monday<\/h5><p style=''><\/p><\/div><\/div><\/div>[vc_empty_space height=&#8220;50px&#8220;][\/vc_column][vc_column width=&#8220;1\/3&#8243; offset=&#8220;vc_col-lg-2 vc_col-md-4&#8243;]<div class='q_icon_with_title medium custom_icon_image center qode_iwt_hover_enabled '><div class=\"icon_holder \" style=\" \"><img decoding=\"async\" itemprop=\"image\" style=\"\" src=\"\" alt=\"\"><\/div><div class=\"icon_text_holder\" style=\"\"><div class=\"icon_text_inner\" style=\"\"><h5 class=\"icon_title\" style=\"\">Membership<\/h5><p style=''><\/p><\/div><\/div><\/div>[vc_empty_space height=&#8220;50px&#8220;][\/vc_column][\/vc_row][vc_row css_animation=&#8220;&#8220; row_type=&#8220;row&#8220; use_row_as_full_screen_section=&#8220;no&#8220; type=&#8220;grid&#8220; angled_section=&#8220;no&#8220; text_align=&#8220;left&#8220; background_image_as_pattern=&#8220;without_pattern&#8220; z_index=&#8220;&#8220; el_class=&#8220;no_display&#8220;][vc_column css=&#8220;.vc_custom_1603722020188{padding-right: 5% !important;padding-left: 5% !important;}&#8220;]<div class=\"qode-simple-quote-holder \">\n\t<div class=\"qode-simple-quote-triangle-shadow\">\n\t\t\n\t<\/div>\n\t<div class=\"qode-simple-quote-triangle\" style=\"border-bottom-color: rgba(0,0,0,0.01)\">\n\t\t\n\t<\/div>\n\t<div class=\"qode-simple-quote-holder-inner\" style=\"background-color: rgba(0,0,0,0.01);border-color: rgba(0,0,0,0.01);padding: 40px 10px 20px 40px\">\n\t\t<div class=\"qode-simple-quote-icon-holder\"  style=\"fill: #a21a16\">\n\t\t\t<svg x=\"0px\" y=\"0px\" width=\"118px\" height=\"97px\" viewBox=\"0 0 118 97\" enable-background=\"new 0 0 118 97\" xml:space=\"preserve\">\n\t\t\t\t<g>\n\t\t\t\t\t<path d=\"M31.1,73.998c5.688-7.111,8.535-14.316,8.535-21.617c0-3.09-0.371-5.751-1.113-7.978c-4.332,3.34-9.031,5.009-14.102,5.009\n\t\t\t\t\t\tc-6.929,0-12.71-2.194-17.349-6.586c-4.639-4.389-6.958-10.298-6.958-17.72c0-6.926,2.348-12.71,7.051-17.349\n\t\t\t\t\t\tc4.7-4.639,10.452-6.958,17.256-6.958c9.77,0,17.256,4.021,22.451,12.061c4.329,6.68,6.494,15.029,6.494,25.049\n\t\t\t\t\t\tc0,12.742-3.247,24.154-9.741,34.234C37.13,82.227,27.325,90.357,14.215,96.541l-3.525-6.865\n\t\t\t\t\t\tC18.604,86.336,25.409,81.113,31.1,73.998z M95.67,73.998c5.688-7.111,8.535-14.316,8.535-21.617c0-3.09-0.371-5.751-1.113-7.978\n\t\t\t\t\t\tc-4.206,3.34-8.906,5.009-14.102,5.009c-6.804,0-12.556-2.194-17.256-6.586c-4.702-4.389-7.051-10.298-7.051-17.72\n\t\t\t\t\t\tc0-4.575,1.113-8.721,3.34-12.432s5.195-6.616,8.906-8.721c3.711-2.102,7.729-3.154,12.061-3.154\n\t\t\t\t\t\tc9.771,0,17.256,4.021,22.451,12.061c4.329,6.68,6.494,15.029,6.494,25.049c0,12.742-3.247,24.154-9.741,34.234\n\t\t\t\t\t\tC101.7,82.227,91.896,90.357,78.785,96.541l-3.525-6.865C83.175,86.336,89.979,81.113,95.67,73.998z\"\/>\n\t\t\t\t<\/g>\n\t\t\t<\/svg>\n\t\t<\/div>\n\t\t<div class=\"qode-simple-quote-content-holder\">\n\t\t\t<div class=\"qode-simple-quote-content-holder-inner\">\n\t\t\t\t<div class=\"qode-simple-quote-text-holder\" >\n\t\t\t\t\t<h2 class=\"qode-simple-quote-text-title\"> Pellentesque sed dictum arcu. Donec ut tellus quis justo suscipit lobortis mollis nec erat.  <\/h2>\n\t\t\t\t<\/div>\n\t\t\t\t<div class=\"qode-simple-quote-author-holder\">\n\t\t\t\t\t<p class=\"qode-simple-quote-author-title\"> IGNAZ EPPER  <\/p>\n\t\t\t\t<\/div>\n\t\t\t<\/div>\n\t\t<\/div>\n\t<\/div>\n<\/div>[\/vc_column][\/vc_row]<\/p>\n","protected":false},"excerpt":{"rendered":"<p>[vc_row css_animation=&#8220;&#8220; row_type=&#8220;row&#8220; use_row_as_full_screen_section=&#8220;no&#8220; type=&#8220;grid&#8220; angled_section=&#8220;no&#8220; text_align=&#8220;left&#8220; background_image_as_pattern=&#8220;with_pattern&#8220; css=&#8220;.vc_custom_1610981255369{padding-top: 91px !important;padding-bottom: 50px !important;background-image: url(http:\/\/www.shadowdemo.it\/epper\/wp-content\/uploads\/2018\/01\/background-lines.png?id=104) !important;}&#8220; z_index=&#8220;&#8220; el_class=&#8220;no-bckg-img-ipad&#8220;][vc_column offset=&#8220;vc_col-lg-6 vc_col-md-6&#8243;][vc_separator type=&#8220;transparent&#8220; thickness=&#8220;0&#8243; up=&#8220;0&#8243; down=&#8220;50&#8243;][vc_single_image image=&#8220;1324&#8243; img_size=&#8220;full&#8220; qode_css_animation=&#8220;&#8220;][vc_separator type=&#8220;transparent&#8220; thickness=&#8220;0&#8243; up=&#8220;0&#8243; down=&#8220;50&#8243;][\/vc_column][vc_column offset=&#8220;vc_col-lg-6 vc_col-md-6&#8243;][vc_separator type=&#8220;transparent&#8220; thickness=&#8220;0&#8243; up=&#8220;0&#8243; down=&#8220;50&#8243;][vc_column_text] Ignaz Epper [\/vc_column_text][vc_separator type=&#8220;transparent&#8220; thickness=&#8220;0&#8243; up=&#8220;0&#8243; down=&#8220;43&#8243;][vc_column_text] Geboren am&#8230;<\/p>\n","protected":false},"author":3,"featured_media":0,"parent":0,"menu_order":0,"comment_status":"closed","ping_status":"closed","template":"full_width.php","meta":{"om_disable_all_campaigns":false,"_monsterinsights_skip_tracking":false,"_monsterinsights_sitenote_active":false,"_monsterinsights_sitenote_note":"","_monsterinsights_sitenote_category":0,"footnotes":""},"class_list":["post-1051","page","type-page","status-publish","hentry"],"yoast_head":"<!-- This site is optimized with the Yoast SEO plugin v23.1 - https:\/\/yoast.com\/wordpress\/plugins\/seo\/ -->\n<title>Geschichte - Fondazione Epper<\/title>\n<meta name=\"robots\" content=\"index, follow, max-snippet:-1, max-image-preview:large, max-video-preview:-1\" \/>\n<link rel=\"canonical\" href=\"https:\/\/www.fondazioneepper.ch\/de\/geschichte\/\" \/>\n<meta property=\"og:locale\" content=\"de_DE\" \/>\n<meta property=\"og:type\" content=\"article\" \/>\n<meta property=\"og:title\" content=\"Geschichte - Fondazione Epper\" \/>\n<meta property=\"og:description\" content=\"[vc_row css_animation=&#8220;&#8220; row_type=&#8220;row&#8220; use_row_as_full_screen_section=&#8220;no&#8220; type=&#8220;grid&#8220; angled_section=&#8220;no&#8220; text_align=&#8220;left&#8220; background_image_as_pattern=&#8220;with_pattern&#8220; css=&#8220;.vc_custom_1610981255369{padding-top: 91px !important;padding-bottom: 50px !important;background-image: url(http:\/\/www.shadowdemo.it\/epper\/wp-content\/uploads\/2018\/01\/background-lines.png?id=104) !important;}&#8220; z_index=&#8220;&#8220; el_class=&#8220;no-bckg-img-ipad&#8220;][vc_column offset=&#8220;vc_col-lg-6 vc_col-md-6&#8243;][vc_separator type=&#8220;transparent&#8220; thickness=&#8220;0&#8243; up=&#8220;0&#8243; down=&#8220;50&#8243;][vc_single_image image=&#8220;1324&#8243; img_size=&#8220;full&#8220; qode_css_animation=&#8220;&#8220;][vc_separator type=&#8220;transparent&#8220; thickness=&#8220;0&#8243; up=&#8220;0&#8243; down=&#8220;50&#8243;][\/vc_column][vc_column offset=&#8220;vc_col-lg-6 vc_col-md-6&#8243;][vc_separator type=&#8220;transparent&#8220; thickness=&#8220;0&#8243; up=&#8220;0&#8243; down=&#8220;50&#8243;][vc_column_text] Ignaz Epper [\/vc_column_text][vc_separator type=&#8220;transparent&#8220; thickness=&#8220;0&#8243; up=&#8220;0&#8243; down=&#8220;43&#8243;][vc_column_text] Geboren am...\" \/>\n<meta property=\"og:url\" content=\"https:\/\/www.fondazioneepper.ch\/de\/geschichte\/\" \/>\n<meta property=\"og:site_name\" content=\"Fondazione Epper\" \/>\n<meta property=\"article:publisher\" content=\"https:\/\/www.facebook.com\/fondazioneepper\/\" \/>\n<meta property=\"article:modified_time\" content=\"2022-02-28T14:29:45+00:00\" \/>\n<meta name=\"twitter:card\" content=\"summary_large_image\" \/>\n<meta name=\"twitter:label1\" content=\"Gesch\u00e4tzte Lesezeit\" \/>\n\t<meta name=\"twitter:data1\" content=\"11\u00a0Minuten\" \/>\n<script type=\"application\/ld+json\" class=\"yoast-schema-graph\">{\"@context\":\"https:\/\/schema.org\",\"@graph\":[{\"@type\":\"WebPage\",\"@id\":\"https:\/\/www.fondazioneepper.ch\/de\/geschichte\/\",\"url\":\"https:\/\/www.fondazioneepper.ch\/de\/geschichte\/\",\"name\":\"Geschichte - Fondazione Epper\",\"isPartOf\":{\"@id\":\"https:\/\/www.fondazioneepper.ch\/#website\"},\"datePublished\":\"2021-04-21T15:23:44+00:00\",\"dateModified\":\"2022-02-28T14:29:45+00:00\",\"breadcrumb\":{\"@id\":\"https:\/\/www.fondazioneepper.ch\/de\/geschichte\/#breadcrumb\"},\"inLanguage\":\"de\",\"potentialAction\":[{\"@type\":\"ReadAction\",\"target\":[\"https:\/\/www.fondazioneepper.ch\/de\/geschichte\/\"]}]},{\"@type\":\"BreadcrumbList\",\"@id\":\"https:\/\/www.fondazioneepper.ch\/de\/geschichte\/#breadcrumb\",\"itemListElement\":[{\"@type\":\"ListItem\",\"position\":1,\"name\":\"Home\",\"item\":\"https:\/\/www.fondazioneepper.ch\/de\/home\/\"},{\"@type\":\"ListItem\",\"position\":2,\"name\":\"Geschichte\"}]},{\"@type\":\"WebSite\",\"@id\":\"https:\/\/www.fondazioneepper.ch\/#website\",\"url\":\"https:\/\/www.fondazioneepper.ch\/\",\"name\":\"Fondazione Epper\",\"description\":\"ASCONA\",\"publisher\":{\"@id\":\"https:\/\/www.fondazioneepper.ch\/#organization\"},\"potentialAction\":[{\"@type\":\"SearchAction\",\"target\":{\"@type\":\"EntryPoint\",\"urlTemplate\":\"https:\/\/www.fondazioneepper.ch\/?s={search_term_string}\"},\"query-input\":\"required name=search_term_string\"}],\"inLanguage\":\"de\"},{\"@type\":\"Organization\",\"@id\":\"https:\/\/www.fondazioneepper.ch\/#organization\",\"name\":\"Fondazione Epper\",\"url\":\"https:\/\/www.fondazioneepper.ch\/\",\"logo\":{\"@type\":\"ImageObject\",\"inLanguage\":\"de\",\"@id\":\"https:\/\/www.fondazioneepper.ch\/#\/schema\/logo\/image\/\",\"url\":\"https:\/\/www.fondazioneepper.ch\/wp-content\/uploads\/2021\/01\/logo-Epper-light.svg\",\"contentUrl\":\"https:\/\/www.fondazioneepper.ch\/wp-content\/uploads\/2021\/01\/logo-Epper-light.svg\",\"width\":172,\"height\":91,\"caption\":\"Fondazione Epper\"},\"image\":{\"@id\":\"https:\/\/www.fondazioneepper.ch\/#\/schema\/logo\/image\/\"},\"sameAs\":[\"https:\/\/www.facebook.com\/fondazioneepper\/\",\"https:\/\/www.instagram.com\/fondazioneepper\/\"]}]}<\/script>\n<!-- \/ Yoast SEO plugin. -->","yoast_head_json":{"title":"Geschichte - Fondazione Epper","robots":{"index":"index","follow":"follow","max-snippet":"max-snippet:-1","max-image-preview":"max-image-preview:large","max-video-preview":"max-video-preview:-1"},"canonical":"https:\/\/www.fondazioneepper.ch\/de\/geschichte\/","og_locale":"de_DE","og_type":"article","og_title":"Geschichte - Fondazione Epper","og_description":"[vc_row css_animation=&#8220;&#8220; row_type=&#8220;row&#8220; use_row_as_full_screen_section=&#8220;no&#8220; type=&#8220;grid&#8220; angled_section=&#8220;no&#8220; text_align=&#8220;left&#8220; background_image_as_pattern=&#8220;with_pattern&#8220; css=&#8220;.vc_custom_1610981255369{padding-top: 91px !important;padding-bottom: 50px !important;background-image: url(http:\/\/www.shadowdemo.it\/epper\/wp-content\/uploads\/2018\/01\/background-lines.png?id=104) !important;}&#8220; z_index=&#8220;&#8220; el_class=&#8220;no-bckg-img-ipad&#8220;][vc_column offset=&#8220;vc_col-lg-6 vc_col-md-6&#8243;][vc_separator type=&#8220;transparent&#8220; thickness=&#8220;0&#8243; up=&#8220;0&#8243; down=&#8220;50&#8243;][vc_single_image image=&#8220;1324&#8243; img_size=&#8220;full&#8220; qode_css_animation=&#8220;&#8220;][vc_separator type=&#8220;transparent&#8220; thickness=&#8220;0&#8243; up=&#8220;0&#8243; down=&#8220;50&#8243;][\/vc_column][vc_column offset=&#8220;vc_col-lg-6 vc_col-md-6&#8243;][vc_separator type=&#8220;transparent&#8220; thickness=&#8220;0&#8243; up=&#8220;0&#8243; down=&#8220;50&#8243;][vc_column_text] Ignaz Epper [\/vc_column_text][vc_separator type=&#8220;transparent&#8220; thickness=&#8220;0&#8243; up=&#8220;0&#8243; down=&#8220;43&#8243;][vc_column_text] Geboren am...","og_url":"https:\/\/www.fondazioneepper.ch\/de\/geschichte\/","og_site_name":"Fondazione Epper","article_publisher":"https:\/\/www.facebook.com\/fondazioneepper\/","article_modified_time":"2022-02-28T14:29:45+00:00","twitter_card":"summary_large_image","twitter_misc":{"Gesch\u00e4tzte Lesezeit":"11\u00a0Minuten"},"schema":{"@context":"https:\/\/schema.org","@graph":[{"@type":"WebPage","@id":"https:\/\/www.fondazioneepper.ch\/de\/geschichte\/","url":"https:\/\/www.fondazioneepper.ch\/de\/geschichte\/","name":"Geschichte - Fondazione Epper","isPartOf":{"@id":"https:\/\/www.fondazioneepper.ch\/#website"},"datePublished":"2021-04-21T15:23:44+00:00","dateModified":"2022-02-28T14:29:45+00:00","breadcrumb":{"@id":"https:\/\/www.fondazioneepper.ch\/de\/geschichte\/#breadcrumb"},"inLanguage":"de","potentialAction":[{"@type":"ReadAction","target":["https:\/\/www.fondazioneepper.ch\/de\/geschichte\/"]}]},{"@type":"BreadcrumbList","@id":"https:\/\/www.fondazioneepper.ch\/de\/geschichte\/#breadcrumb","itemListElement":[{"@type":"ListItem","position":1,"name":"Home","item":"https:\/\/www.fondazioneepper.ch\/de\/home\/"},{"@type":"ListItem","position":2,"name":"Geschichte"}]},{"@type":"WebSite","@id":"https:\/\/www.fondazioneepper.ch\/#website","url":"https:\/\/www.fondazioneepper.ch\/","name":"Fondazione Epper","description":"ASCONA","publisher":{"@id":"https:\/\/www.fondazioneepper.ch\/#organization"},"potentialAction":[{"@type":"SearchAction","target":{"@type":"EntryPoint","urlTemplate":"https:\/\/www.fondazioneepper.ch\/?s={search_term_string}"},"query-input":"required name=search_term_string"}],"inLanguage":"de"},{"@type":"Organization","@id":"https:\/\/www.fondazioneepper.ch\/#organization","name":"Fondazione Epper","url":"https:\/\/www.fondazioneepper.ch\/","logo":{"@type":"ImageObject","inLanguage":"de","@id":"https:\/\/www.fondazioneepper.ch\/#\/schema\/logo\/image\/","url":"https:\/\/www.fondazioneepper.ch\/wp-content\/uploads\/2021\/01\/logo-Epper-light.svg","contentUrl":"https:\/\/www.fondazioneepper.ch\/wp-content\/uploads\/2021\/01\/logo-Epper-light.svg","width":172,"height":91,"caption":"Fondazione Epper"},"image":{"@id":"https:\/\/www.fondazioneepper.ch\/#\/schema\/logo\/image\/"},"sameAs":["https:\/\/www.facebook.com\/fondazioneepper\/","https:\/\/www.instagram.com\/fondazioneepper\/"]}]}},"_links":{"self":[{"href":"https:\/\/www.fondazioneepper.ch\/de\/wp-json\/wp\/v2\/pages\/1051"}],"collection":[{"href":"https:\/\/www.fondazioneepper.ch\/de\/wp-json\/wp\/v2\/pages"}],"about":[{"href":"https:\/\/www.fondazioneepper.ch\/de\/wp-json\/wp\/v2\/types\/page"}],"author":[{"embeddable":true,"href":"https:\/\/www.fondazioneepper.ch\/de\/wp-json\/wp\/v2\/users\/3"}],"replies":[{"embeddable":true,"href":"https:\/\/www.fondazioneepper.ch\/de\/wp-json\/wp\/v2\/comments?post=1051"}],"version-history":[{"count":0,"href":"https:\/\/www.fondazioneepper.ch\/de\/wp-json\/wp\/v2\/pages\/1051\/revisions"}],"wp:attachment":[{"href":"https:\/\/www.fondazioneepper.ch\/de\/wp-json\/wp\/v2\/media?parent=1051"}],"curies":[{"name":"wp","href":"https:\/\/api.w.org\/{rel}","templated":true}]}}