{"id":987,"date":"2021-04-21T16:56:24","date_gmt":"2021-04-21T14:56:24","guid":{"rendered":"http:\/\/www.shadowdemo.it\/webepper\/die-stiftung\/"},"modified":"2022-05-25T15:51:30","modified_gmt":"2022-05-25T13:51:30","slug":"die-stiftung","status":"publish","type":"page","link":"https:\/\/www.fondazioneepper.ch\/de\/die-stiftung\/","title":{"rendered":"Die Stiftung"},"content":{"rendered":"<p>[vc_row css_animation=&#8220;&#8220; row_type=&#8220;row&#8220; use_row_as_full_screen_section=&#8220;no&#8220; type=&#8220;grid&#8220; angled_section=&#8220;no&#8220; text_align=&#8220;left&#8220; background_image_as_pattern=&#8220;without_pattern&#8220; z_index=&#8220;&#8220; css=&#8220;.vc_custom_1603718956511{padding-top: 120px !important;background-image: url(http:\/\/www.shadowdemo.it\/epper\/wp-content\/uploads\/2018\/01\/background-lines.png?id=104) !important;}&#8220; el_class=&#8220;no-bckg-img-ipad&#8220;][vc_column width=&#8220;1\/2&#8243; offset=&#8220;vc_col-lg-3 vc_col-md-3&#8243; css=&#8220;.vc_custom_1603722151250{background-image: url(http:\/\/www.shadowdemo.it\/epper\/wp-content\/uploads\/2020\/10\/Background-text.svg?id=362) !important;background-position: center !important;background-repeat: no-repeat !important;background-size: contain !important;}&#8220;][vc_column_text]<\/p>\n<h3><span style=\"color: #000000; font-size: 28px;\"> Fondazione <\/span><span style=\"color: #a21a16; font-size: 28px;\"><br \/>\nIgnaz <span style=\"color: #000000;\"> e <\/span> Mischa Epper.<\/span><\/h3>\n<p>[\/vc_column_text][\/vc_column][vc_column width=&#8220;1\/2&#8243; offset=&#8220;vc_col-lg-9 vc_col-md-9&#8243; css=&#8220;.vc_custom_1603719504859{margin-top: 32px !important;}&#8220;][vc_column_text]<span style=\"color: #77797a; font-size: 18px;\"> Die im November 1978 gegr\u00fcndete Stiftung hat das Ziel, \u201edie k\u00fcnstlerische Arbeit von <strong>Ignaz Epper<\/strong> und <strong>Mischa Epper<\/strong> im Haus zu bewachen, zu pflegen und der \u00d6ffentlichkeit zug\u00e4nglich zu machen; den K\u00fcnstlern, Kunsthistorikern, Studenten der Kunstgeschichte, Psychologen, ohne Unterscheidung von Nationalit\u00e4t und Religion, die M\u00f6glichkeit zu geben, vor\u00fcbergehend am Veranstaltungsort zu arbeiten, insbesondere f\u00fcr Arbeiten \u00fcber <strong>Ignaz Epper<\/strong> und\/oder <strong>Mischa Epper<\/strong>, oder f\u00fcr andere Aktivit\u00e4ten, die einen \u00e4hnlichen k\u00fcnstlerischen Zweck verfolgen. Die Ausstellungsr\u00e4ume am Veranstaltungsort k\u00f6nnen unter Aufsicht des Kurators f\u00fcr Ausstellungen, Konzerte oder Konferenzen \u00f6ffentlich zug\u00e4nglich gemacht werden.\u201c<br \/>\n<\/span>[\/vc_column_text][vc_empty_space][vc_column_text]<span style=\"color: #77797a; font-size: 18px;\"> Sitz der Stiftung war von 1978 bis Herbst 2020 das Museumshaus der Eheleute Epper , als die Verlegung an einen Ort erforderlich wurde, der f\u00fcr die Erhaltung ihres kulturellen und k\u00fcnstlerischen Erbes besser geeignet war, um die tats\u00e4chliche Nutzung durch die \u00d6ffentlichkeit zu gew\u00e4hrleisten. Der neue Standort wurde in den R\u00e4umen der Stiftung Rolf G\u00e9rard gefunden, mit der die mit Fondazione Epper starke Synergien geschaffen hat, die das Angebot f\u00fcr die \u00d6ffentlichkeit noch umfassender und leichter nutzbar machen. <\/span>[\/vc_column_text][vc_empty_space][vc_column_text]<span style=\"color: #77797a; font-size: 18px;\">Der Stiftungsrat ist ein aufmerksamer H\u00fcter dieser wichtigen kulturellen Hinterlassenschaft und m\u00f6chte sie im Kontext des zerkl\u00fcfteten kulturellen Netzwerks, der Lage im Kern und in einem historischen Patrizierhaus und auf der zentralen Via Borgo f\u00f6rdern.<br \/>\n<\/span>[\/vc_column_text][vc_empty_space][vc_column_text]<span style=\"color: #77797a; font-size: 18px;\">Der neue Standort bietet ein historisches Archiv, das der \u00d6ffentlichkeit zug\u00e4nglich ist (bisher aus logistischen Gr\u00fcnden nicht verf\u00fcgbar), in dem sie die die umfangreichen Arbeiten von Epper kennenlernen und die Kenntnisse vertiefen k\u00f6nnen.<br \/>\n<\/span><br \/>\n<span style=\"color: #77797a; font-size: 18px;\">In diesem Zusammenhang wird die Stiftung auch die Aufgabe haben, die von uns gef\u00f6rderten Aktivit\u00e4ten \u00fcber das Internet und die sozialen Medien zu ver\u00f6ffentlichen und zu f\u00f6rdern. Mit der Erstellung dieser Website soll Bekanntheit dieses gro\u00dfen K\u00fcnstlers weiter gef\u00f6rdert werden.<br \/>\n<\/span>[\/vc_column_text][vc_empty_space][vc_column_text]<span style=\"color: #77797a; font-size: 18px;\"><strong>Maurizio Checchi<\/strong><br \/>\nPr\u00e4sident der Stiftung<br \/>\nStellvertretender N\u00fcrgermeister von Borgo di Ascona <\/span>[\/vc_column_text][vc_empty_space][vc_column_text]<\/p>\n<h2><span style=\"color: #020202; font-size: 21px;\"> Mitglieder der Stiftung:<br \/>\n<\/span><\/h2>\n<h3><span style=\"color: #77797a; font-size: 18px;\">Checchi Maurizio \u2013 Pr\u00e4sident<br \/>\nBlok David \u2013 Vize Pr\u00e4sident<br \/>\nLappe Francesca<br \/>\nOrsi Augusto<br \/>\nDiana Mirolo &#8211; Kuratorin <\/span><\/h3>\n<p>[\/vc_column_text][vc_empty_space height=&#8220;100px&#8220;][\/vc_column][\/vc_row][vc_row css_animation=&#8220;&#8220; row_type=&#8220;row&#8220; use_row_as_full_screen_section=&#8220;no&#8220; type=&#8220;grid&#8220; angled_section=&#8220;no&#8220; text_align=&#8220;left&#8220; background_image_as_pattern=&#8220;without_pattern&#8220; z_index=&#8220;&#8220; css=&#8220;.vc_custom_1612334287557{margin-bottom: 90px !important;}&#8220;][vc_column css=&#8220;.vc_custom_1603722020188{padding-right: 5% !important;padding-left: 5% !important;}&#8220;][vc_row_inner row_type=&#8220;row&#8220; type=&#8220;full_width&#8220; text_align=&#8220;left&#8220; css_animation=&#8220;&#8220;][vc_column_inner width=&#8220;1\/2&#8243;][vc_single_image image=&#8220;796&#8243; img_size=&#8220;full&#8220; alignment=&#8220;center&#8220; qode_css_animation=&#8220;&#8220;][\/vc_column_inner][vc_column_inner width=&#8220;1\/2&#8243;][vc_single_image image=&#8220;798&#8243; img_size=&#8220;full&#8220; alignment=&#8220;center&#8220; qode_css_animation=&#8220;&#8220;][vc_empty_space][vc_single_image image=&#8220;797&#8243; img_size=&#8220;full&#8220; alignment=&#8220;center&#8220; qode_css_animation=&#8220;&#8220;][\/vc_column_inner][\/vc_row_inner][\/vc_column][\/vc_row][vc_row css_animation=&#8220;&#8220; row_type=&#8220;row&#8220; use_row_as_full_screen_section=&#8220;no&#8220; type=&#8220;grid&#8220; angled_section=&#8220;no&#8220; text_align=&#8220;left&#8220; background_image_as_pattern=&#8220;without_pattern&#8220; css=&#8220;.vc_custom_1603708753908{padding-top: 63px !important;padding-bottom: 10px !important;background-image: url(http:\/\/bridge131.qodeinteractive.com\/wp-content\/uploads\/2018\/01\/background-lines.png?id=104) !important;}&#8220; z_index=&#8220;&#8220; el_class=&#8220;no-bckg-img-ipad no_display&#8220;][vc_column width=&#8220;1\/3&#8243; offset=&#8220;vc_col-lg-2 vc_col-md-4&#8243;]<div class='q_icon_with_title medium custom_icon_image center qode_iwt_hover_enabled '><div class=\"icon_holder \" style=\" \"><img decoding=\"async\" itemprop=\"image\" style=\"\" src=\"\" alt=\"\"><\/div><div class=\"icon_text_holder\" style=\"\"><div class=\"icon_text_inner\" style=\"\"><h5 class=\"icon_title\" style=\"\">10am - 5pm<\/h5><p style=''><\/p><\/div><\/div><\/div>[\/vc_column][vc_column width=&#8220;1\/3&#8243; offset=&#8220;vc_col-lg-2 vc_col-md-4&#8243;]<div class='q_icon_with_title medium custom_icon_image center qode_iwt_hover_enabled '><div class=\"icon_holder \" style=\" \"><img decoding=\"async\" itemprop=\"image\" style=\"\" src=\"https:\/\/www.fondazioneepper.ch\/wp-content\/uploads\/2021\/01\/Sfondo-testo.svg\" alt=\"\"><\/div><div class=\"icon_text_holder\" style=\"\"><div class=\"icon_text_inner\" style=\"\"><h5 class=\"icon_title\" style=\"\">Free entry<\/h5><p style=''><\/p><\/div><\/div><\/div>[vc_empty_space height=&#8220;50px&#8220;][\/vc_column][vc_column width=&#8220;1\/3&#8243; offset=&#8220;vc_col-lg-2 vc_col-md-4&#8243;]<div class='q_icon_with_title medium custom_icon_image center qode_iwt_hover_enabled '><div class=\"icon_holder \" style=\" \"><img decoding=\"async\" itemprop=\"image\" style=\"\" src=\"\" alt=\"\"><\/div><div class=\"icon_text_holder\" style=\"\"><div class=\"icon_text_inner\" style=\"\"><h5 class=\"icon_title\" style=\"\">Getting here<\/h5><p style=''><\/p><\/div><\/div><\/div>[vc_empty_space height=&#8220;50px&#8220;][\/vc_column][vc_column width=&#8220;1\/3&#8243; offset=&#8220;vc_col-lg-2 vc_col-md-4&#8243;]<div class='q_icon_with_title medium custom_icon_image center qode_iwt_hover_enabled '><div class=\"icon_holder \" style=\" \"><img decoding=\"async\" itemprop=\"image\" style=\"\" src=\"\" alt=\"\"><\/div><div class=\"icon_text_holder\" style=\"\"><div class=\"icon_text_inner\" style=\"\"><h5 class=\"icon_title\" style=\"\">Gift shop<\/h5><p style=''><\/p><\/div><\/div><\/div>[vc_empty_space height=&#8220;50px&#8220;][\/vc_column][vc_column width=&#8220;1\/3&#8243; offset=&#8220;vc_col-lg-2 vc_col-md-4&#8243;]<div class='q_icon_with_title medium custom_icon_image center qode_iwt_hover_enabled '><div class=\"icon_holder \" style=\" \"><img decoding=\"async\" itemprop=\"image\" style=\"\" src=\"\" alt=\"\"><\/div><div class=\"icon_text_holder\" style=\"\"><div class=\"icon_text_inner\" style=\"\"><h5 class=\"icon_title\" style=\"\">on Monday<\/h5><p style=''><\/p><\/div><\/div><\/div>[vc_empty_space height=&#8220;50px&#8220;][\/vc_column][vc_column width=&#8220;1\/3&#8243; offset=&#8220;vc_col-lg-2 vc_col-md-4&#8243;]<div class='q_icon_with_title medium custom_icon_image center qode_iwt_hover_enabled '><div class=\"icon_holder \" style=\" \"><img decoding=\"async\" itemprop=\"image\" style=\"\" src=\"\" alt=\"\"><\/div><div class=\"icon_text_holder\" style=\"\"><div class=\"icon_text_inner\" style=\"\"><h5 class=\"icon_title\" style=\"\">Membership<\/h5><p style=''><\/p><\/div><\/div><\/div>[vc_empty_space height=&#8220;50px&#8220;][\/vc_column][\/vc_row][vc_row css_animation=&#8220;&#8220; row_type=&#8220;row&#8220; use_row_as_full_screen_section=&#8220;no&#8220; type=&#8220;grid&#8220; angled_section=&#8220;no&#8220; text_align=&#8220;left&#8220; background_image_as_pattern=&#8220;without_pattern&#8220; z_index=&#8220;&#8220; el_class=&#8220;no_display&#8220;][vc_column css=&#8220;.vc_custom_1603722020188{padding-right: 5% !important;padding-left: 5% !important;}&#8220;]<div class=\"qode-simple-quote-holder \">\n\t<div class=\"qode-simple-quote-triangle-shadow\">\n\t\t\n\t<\/div>\n\t<div class=\"qode-simple-quote-triangle\" style=\"border-bottom-color: rgba(0,0,0,0.01)\">\n\t\t\n\t<\/div>\n\t<div class=\"qode-simple-quote-holder-inner\" style=\"background-color: rgba(0,0,0,0.01);border-color: rgba(0,0,0,0.01);padding: 40px 10px 20px 40px\">\n\t\t<div class=\"qode-simple-quote-icon-holder\"  style=\"fill: #a21a16\">\n\t\t\t<svg x=\"0px\" y=\"0px\" width=\"118px\" height=\"97px\" viewBox=\"0 0 118 97\" enable-background=\"new 0 0 118 97\" xml:space=\"preserve\">\n\t\t\t\t<g>\n\t\t\t\t\t<path d=\"M31.1,73.998c5.688-7.111,8.535-14.316,8.535-21.617c0-3.09-0.371-5.751-1.113-7.978c-4.332,3.34-9.031,5.009-14.102,5.009\n\t\t\t\t\t\tc-6.929,0-12.71-2.194-17.349-6.586c-4.639-4.389-6.958-10.298-6.958-17.72c0-6.926,2.348-12.71,7.051-17.349\n\t\t\t\t\t\tc4.7-4.639,10.452-6.958,17.256-6.958c9.77,0,17.256,4.021,22.451,12.061c4.329,6.68,6.494,15.029,6.494,25.049\n\t\t\t\t\t\tc0,12.742-3.247,24.154-9.741,34.234C37.13,82.227,27.325,90.357,14.215,96.541l-3.525-6.865\n\t\t\t\t\t\tC18.604,86.336,25.409,81.113,31.1,73.998z M95.67,73.998c5.688-7.111,8.535-14.316,8.535-21.617c0-3.09-0.371-5.751-1.113-7.978\n\t\t\t\t\t\tc-4.206,3.34-8.906,5.009-14.102,5.009c-6.804,0-12.556-2.194-17.256-6.586c-4.702-4.389-7.051-10.298-7.051-17.72\n\t\t\t\t\t\tc0-4.575,1.113-8.721,3.34-12.432s5.195-6.616,8.906-8.721c3.711-2.102,7.729-3.154,12.061-3.154\n\t\t\t\t\t\tc9.771,0,17.256,4.021,22.451,12.061c4.329,6.68,6.494,15.029,6.494,25.049c0,12.742-3.247,24.154-9.741,34.234\n\t\t\t\t\t\tC101.7,82.227,91.896,90.357,78.785,96.541l-3.525-6.865C83.175,86.336,89.979,81.113,95.67,73.998z\"\/>\n\t\t\t\t<\/g>\n\t\t\t<\/svg>\n\t\t<\/div>\n\t\t<div class=\"qode-simple-quote-content-holder\">\n\t\t\t<div class=\"qode-simple-quote-content-holder-inner\">\n\t\t\t\t<div class=\"qode-simple-quote-text-holder\" >\n\t\t\t\t\t<h2 class=\"qode-simple-quote-text-title\"> Pellentesque sed dictum arcu. Donec ut tellus quis justo suscipit lobortis mollis nec erat.  <\/h2>\n\t\t\t\t<\/div>\n\t\t\t\t<div class=\"qode-simple-quote-author-holder\">\n\t\t\t\t\t<p class=\"qode-simple-quote-author-title\"> IGNAZ EPPER  <\/p>\n\t\t\t\t<\/div>\n\t\t\t<\/div>\n\t\t<\/div>\n\t<\/div>\n<\/div>[vc_row_inner row_type=&#8220;row&#8220; type=&#8220;full_width&#8220; text_align=&#8220;left&#8220; css_animation=&#8220;&#8220;][vc_column_inner width=&#8220;1\/2&#8243;][\/vc_column_inner][vc_column_inner width=&#8220;1\/2&#8243;][\/vc_column_inner][\/vc_row_inner][\/vc_column][\/vc_row]<\/p>\n","protected":false},"excerpt":{"rendered":"<p>[vc_row css_animation=&#8220;&#8220; row_type=&#8220;row&#8220; use_row_as_full_screen_section=&#8220;no&#8220; type=&#8220;grid&#8220; angled_section=&#8220;no&#8220; text_align=&#8220;left&#8220; background_image_as_pattern=&#8220;without_pattern&#8220; z_index=&#8220;&#8220; css=&#8220;.vc_custom_1603718956511{padding-top: 120px !important;background-image: url(http:\/\/www.shadowdemo.it\/epper\/wp-content\/uploads\/2018\/01\/background-lines.png?id=104) !important;}&#8220; el_class=&#8220;no-bckg-img-ipad&#8220;][vc_column width=&#8220;1\/2&#8243; offset=&#8220;vc_col-lg-3 vc_col-md-3&#8243; css=&#8220;.vc_custom_1603722151250{background-image: url(http:\/\/www.shadowdemo.it\/epper\/wp-content\/uploads\/2020\/10\/Background-text.svg?id=362) !important;background-position: center !important;background-repeat: no-repeat !important;background-size: contain !important;}&#8220;][vc_column_text] Fondazione Ignaz e Mischa Epper. [\/vc_column_text][\/vc_column][vc_column width=&#8220;1\/2&#8243; offset=&#8220;vc_col-lg-9 vc_col-md-9&#8243; css=&#8220;.vc_custom_1603719504859{margin-top: 32px !important;}&#8220;][vc_column_text] Die im November 1978 gegr\u00fcndete Stiftung&#8230;<\/p>\n","protected":false},"author":3,"featured_media":0,"parent":0,"menu_order":0,"comment_status":"closed","ping_status":"closed","template":"full_width.php","meta":{"om_disable_all_campaigns":false,"_monsterinsights_skip_tracking":false,"_monsterinsights_sitenote_active":false,"_monsterinsights_sitenote_note":"","_monsterinsights_sitenote_category":0,"footnotes":""},"class_list":["post-987","page","type-page","status-publish","hentry"],"yoast_head":"<!-- This site is optimized with the Yoast SEO plugin v23.1 - https:\/\/yoast.com\/wordpress\/plugins\/seo\/ -->\n<title>Die Stiftung - Fondazione Epper<\/title>\n<meta name=\"robots\" content=\"index, follow, max-snippet:-1, max-image-preview:large, max-video-preview:-1\" \/>\n<link rel=\"canonical\" href=\"https:\/\/www.fondazioneepper.ch\/de\/die-stiftung\/\" \/>\n<meta property=\"og:locale\" content=\"de_DE\" \/>\n<meta property=\"og:type\" content=\"article\" \/>\n<meta property=\"og:title\" content=\"Die Stiftung - Fondazione Epper\" \/>\n<meta property=\"og:description\" content=\"[vc_row css_animation=&#8220;&#8220; row_type=&#8220;row&#8220; use_row_as_full_screen_section=&#8220;no&#8220; type=&#8220;grid&#8220; angled_section=&#8220;no&#8220; text_align=&#8220;left&#8220; background_image_as_pattern=&#8220;without_pattern&#8220; z_index=&#8220;&#8220; css=&#8220;.vc_custom_1603718956511{padding-top: 120px !important;background-image: url(http:\/\/www.shadowdemo.it\/epper\/wp-content\/uploads\/2018\/01\/background-lines.png?id=104) !important;}&#8220; el_class=&#8220;no-bckg-img-ipad&#8220;][vc_column width=&#8220;1\/2&#8243; offset=&#8220;vc_col-lg-3 vc_col-md-3&#8243; css=&#8220;.vc_custom_1603722151250{background-image: url(http:\/\/www.shadowdemo.it\/epper\/wp-content\/uploads\/2020\/10\/Background-text.svg?id=362) !important;background-position: center !important;background-repeat: no-repeat !important;background-size: contain !important;}&#8220;][vc_column_text] Fondazione Ignaz e Mischa Epper. [\/vc_column_text][\/vc_column][vc_column width=&#8220;1\/2&#8243; offset=&#8220;vc_col-lg-9 vc_col-md-9&#8243; css=&#8220;.vc_custom_1603719504859{margin-top: 32px !important;}&#8220;][vc_column_text] Die im November 1978 gegr\u00fcndete Stiftung...\" \/>\n<meta property=\"og:url\" content=\"https:\/\/www.fondazioneepper.ch\/de\/die-stiftung\/\" \/>\n<meta property=\"og:site_name\" content=\"Fondazione Epper\" \/>\n<meta property=\"article:publisher\" content=\"https:\/\/www.facebook.com\/fondazioneepper\/\" \/>\n<meta property=\"article:modified_time\" content=\"2022-05-25T13:51:30+00:00\" \/>\n<meta name=\"twitter:card\" content=\"summary_large_image\" \/>\n<meta name=\"twitter:label1\" content=\"Gesch\u00e4tzte Lesezeit\" \/>\n\t<meta name=\"twitter:data1\" content=\"6\u00a0Minuten\" \/>\n<script type=\"application\/ld+json\" class=\"yoast-schema-graph\">{\"@context\":\"https:\/\/schema.org\",\"@graph\":[{\"@type\":\"WebPage\",\"@id\":\"https:\/\/www.fondazioneepper.ch\/de\/die-stiftung\/\",\"url\":\"https:\/\/www.fondazioneepper.ch\/de\/die-stiftung\/\",\"name\":\"Die Stiftung - Fondazione Epper\",\"isPartOf\":{\"@id\":\"https:\/\/www.fondazioneepper.ch\/#website\"},\"datePublished\":\"2021-04-21T14:56:24+00:00\",\"dateModified\":\"2022-05-25T13:51:30+00:00\",\"breadcrumb\":{\"@id\":\"https:\/\/www.fondazioneepper.ch\/de\/die-stiftung\/#breadcrumb\"},\"inLanguage\":\"de\",\"potentialAction\":[{\"@type\":\"ReadAction\",\"target\":[\"https:\/\/www.fondazioneepper.ch\/de\/die-stiftung\/\"]}]},{\"@type\":\"BreadcrumbList\",\"@id\":\"https:\/\/www.fondazioneepper.ch\/de\/die-stiftung\/#breadcrumb\",\"itemListElement\":[{\"@type\":\"ListItem\",\"position\":1,\"name\":\"Home\",\"item\":\"https:\/\/www.fondazioneepper.ch\/de\/home\/\"},{\"@type\":\"ListItem\",\"position\":2,\"name\":\"Die Stiftung\"}]},{\"@type\":\"WebSite\",\"@id\":\"https:\/\/www.fondazioneepper.ch\/#website\",\"url\":\"https:\/\/www.fondazioneepper.ch\/\",\"name\":\"Fondazione Epper\",\"description\":\"ASCONA\",\"publisher\":{\"@id\":\"https:\/\/www.fondazioneepper.ch\/#organization\"},\"potentialAction\":[{\"@type\":\"SearchAction\",\"target\":{\"@type\":\"EntryPoint\",\"urlTemplate\":\"https:\/\/www.fondazioneepper.ch\/?s={search_term_string}\"},\"query-input\":\"required name=search_term_string\"}],\"inLanguage\":\"de\"},{\"@type\":\"Organization\",\"@id\":\"https:\/\/www.fondazioneepper.ch\/#organization\",\"name\":\"Fondazione Epper\",\"url\":\"https:\/\/www.fondazioneepper.ch\/\",\"logo\":{\"@type\":\"ImageObject\",\"inLanguage\":\"de\",\"@id\":\"https:\/\/www.fondazioneepper.ch\/#\/schema\/logo\/image\/\",\"url\":\"https:\/\/www.fondazioneepper.ch\/wp-content\/uploads\/2021\/01\/logo-Epper-light.svg\",\"contentUrl\":\"https:\/\/www.fondazioneepper.ch\/wp-content\/uploads\/2021\/01\/logo-Epper-light.svg\",\"width\":172,\"height\":91,\"caption\":\"Fondazione Epper\"},\"image\":{\"@id\":\"https:\/\/www.fondazioneepper.ch\/#\/schema\/logo\/image\/\"},\"sameAs\":[\"https:\/\/www.facebook.com\/fondazioneepper\/\",\"https:\/\/www.instagram.com\/fondazioneepper\/\"]}]}<\/script>\n<!-- \/ Yoast SEO plugin. -->","yoast_head_json":{"title":"Die Stiftung - Fondazione Epper","robots":{"index":"index","follow":"follow","max-snippet":"max-snippet:-1","max-image-preview":"max-image-preview:large","max-video-preview":"max-video-preview:-1"},"canonical":"https:\/\/www.fondazioneepper.ch\/de\/die-stiftung\/","og_locale":"de_DE","og_type":"article","og_title":"Die Stiftung - Fondazione Epper","og_description":"[vc_row css_animation=&#8220;&#8220; row_type=&#8220;row&#8220; use_row_as_full_screen_section=&#8220;no&#8220; type=&#8220;grid&#8220; angled_section=&#8220;no&#8220; text_align=&#8220;left&#8220; background_image_as_pattern=&#8220;without_pattern&#8220; z_index=&#8220;&#8220; css=&#8220;.vc_custom_1603718956511{padding-top: 120px !important;background-image: url(http:\/\/www.shadowdemo.it\/epper\/wp-content\/uploads\/2018\/01\/background-lines.png?id=104) !important;}&#8220; el_class=&#8220;no-bckg-img-ipad&#8220;][vc_column width=&#8220;1\/2&#8243; offset=&#8220;vc_col-lg-3 vc_col-md-3&#8243; css=&#8220;.vc_custom_1603722151250{background-image: url(http:\/\/www.shadowdemo.it\/epper\/wp-content\/uploads\/2020\/10\/Background-text.svg?id=362) !important;background-position: center !important;background-repeat: no-repeat !important;background-size: contain !important;}&#8220;][vc_column_text] Fondazione Ignaz e Mischa Epper. [\/vc_column_text][\/vc_column][vc_column width=&#8220;1\/2&#8243; offset=&#8220;vc_col-lg-9 vc_col-md-9&#8243; css=&#8220;.vc_custom_1603719504859{margin-top: 32px !important;}&#8220;][vc_column_text] Die im November 1978 gegr\u00fcndete Stiftung...","og_url":"https:\/\/www.fondazioneepper.ch\/de\/die-stiftung\/","og_site_name":"Fondazione Epper","article_publisher":"https:\/\/www.facebook.com\/fondazioneepper\/","article_modified_time":"2022-05-25T13:51:30+00:00","twitter_card":"summary_large_image","twitter_misc":{"Gesch\u00e4tzte Lesezeit":"6\u00a0Minuten"},"schema":{"@context":"https:\/\/schema.org","@graph":[{"@type":"WebPage","@id":"https:\/\/www.fondazioneepper.ch\/de\/die-stiftung\/","url":"https:\/\/www.fondazioneepper.ch\/de\/die-stiftung\/","name":"Die Stiftung - Fondazione Epper","isPartOf":{"@id":"https:\/\/www.fondazioneepper.ch\/#website"},"datePublished":"2021-04-21T14:56:24+00:00","dateModified":"2022-05-25T13:51:30+00:00","breadcrumb":{"@id":"https:\/\/www.fondazioneepper.ch\/de\/die-stiftung\/#breadcrumb"},"inLanguage":"de","potentialAction":[{"@type":"ReadAction","target":["https:\/\/www.fondazioneepper.ch\/de\/die-stiftung\/"]}]},{"@type":"BreadcrumbList","@id":"https:\/\/www.fondazioneepper.ch\/de\/die-stiftung\/#breadcrumb","itemListElement":[{"@type":"ListItem","position":1,"name":"Home","item":"https:\/\/www.fondazioneepper.ch\/de\/home\/"},{"@type":"ListItem","position":2,"name":"Die Stiftung"}]},{"@type":"WebSite","@id":"https:\/\/www.fondazioneepper.ch\/#website","url":"https:\/\/www.fondazioneepper.ch\/","name":"Fondazione Epper","description":"ASCONA","publisher":{"@id":"https:\/\/www.fondazioneepper.ch\/#organization"},"potentialAction":[{"@type":"SearchAction","target":{"@type":"EntryPoint","urlTemplate":"https:\/\/www.fondazioneepper.ch\/?s={search_term_string}"},"query-input":"required name=search_term_string"}],"inLanguage":"de"},{"@type":"Organization","@id":"https:\/\/www.fondazioneepper.ch\/#organization","name":"Fondazione Epper","url":"https:\/\/www.fondazioneepper.ch\/","logo":{"@type":"ImageObject","inLanguage":"de","@id":"https:\/\/www.fondazioneepper.ch\/#\/schema\/logo\/image\/","url":"https:\/\/www.fondazioneepper.ch\/wp-content\/uploads\/2021\/01\/logo-Epper-light.svg","contentUrl":"https:\/\/www.fondazioneepper.ch\/wp-content\/uploads\/2021\/01\/logo-Epper-light.svg","width":172,"height":91,"caption":"Fondazione Epper"},"image":{"@id":"https:\/\/www.fondazioneepper.ch\/#\/schema\/logo\/image\/"},"sameAs":["https:\/\/www.facebook.com\/fondazioneepper\/","https:\/\/www.instagram.com\/fondazioneepper\/"]}]}},"_links":{"self":[{"href":"https:\/\/www.fondazioneepper.ch\/de\/wp-json\/wp\/v2\/pages\/987"}],"collection":[{"href":"https:\/\/www.fondazioneepper.ch\/de\/wp-json\/wp\/v2\/pages"}],"about":[{"href":"https:\/\/www.fondazioneepper.ch\/de\/wp-json\/wp\/v2\/types\/page"}],"author":[{"embeddable":true,"href":"https:\/\/www.fondazioneepper.ch\/de\/wp-json\/wp\/v2\/users\/3"}],"replies":[{"embeddable":true,"href":"https:\/\/www.fondazioneepper.ch\/de\/wp-json\/wp\/v2\/comments?post=987"}],"version-history":[{"count":1,"href":"https:\/\/www.fondazioneepper.ch\/de\/wp-json\/wp\/v2\/pages\/987\/revisions"}],"predecessor-version":[{"id":1771,"href":"https:\/\/www.fondazioneepper.ch\/de\/wp-json\/wp\/v2\/pages\/987\/revisions\/1771"}],"wp:attachment":[{"href":"https:\/\/www.fondazioneepper.ch\/de\/wp-json\/wp\/v2\/media?parent=987"}],"curies":[{"name":"wp","href":"https:\/\/api.w.org\/{rel}","templated":true}]}}