{"id":914,"date":"2021-04-21T15:33:24","date_gmt":"2021-04-21T13:33:24","guid":{"rendered":"http:\/\/www.shadowdemo.it\/webepper\/history\/"},"modified":"2022-02-28T15:28:36","modified_gmt":"2022-02-28T14:28:36","slug":"history","status":"publish","type":"page","link":"https:\/\/www.fondazioneepper.ch\/en\/history\/","title":{"rendered":"History"},"content":{"rendered":"<p>[vc_row css_animation=&#8221;&#8221; row_type=&#8221;row&#8221; use_row_as_full_screen_section=&#8221;no&#8221; type=&#8221;grid&#8221; angled_section=&#8221;no&#8221; text_align=&#8221;left&#8221; background_image_as_pattern=&#8221;with_pattern&#8221; css=&#8221;.vc_custom_1610981255369{padding-top: 91px !important;padding-bottom: 50px !important;background-image: url(http:\/\/www.shadowdemo.it\/epper\/wp-content\/uploads\/2018\/01\/background-lines.png?id=104) !important;}&#8221; z_index=&#8221;&#8221; el_class=&#8221;no-bckg-img-ipad&#8221;][vc_column offset=&#8221;vc_col-lg-6 vc_col-md-6&#8243;][vc_separator type=&#8221;transparent&#8221; thickness=&#8221;0&#8243; up=&#8221;0&#8243; down=&#8221;50&#8243;][vc_single_image image=&#8221;1323&#8243; img_size=&#8221;full&#8221; qode_css_animation=&#8221;&#8221;][vc_separator type=&#8221;transparent&#8221; thickness=&#8221;0&#8243; up=&#8221;0&#8243; down=&#8221;50&#8243;][\/vc_column][vc_column offset=&#8221;vc_col-lg-6 vc_col-md-6&#8243;][vc_separator type=&#8221;transparent&#8221; thickness=&#8221;0&#8243; up=&#8221;0&#8243; down=&#8221;50&#8243;][vc_column_text]<\/p>\n<h3><span style=\"color: #000000; font-size: 28px;\">Ignaz <\/span><span style=\"color: #a21a16; font-size: 28px;\">Epper<br \/>\n<\/span><\/h3>\n<p>[\/vc_column_text][vc_separator type=&#8221;transparent&#8221; thickness=&#8221;0&#8243; up=&#8221;0&#8243; down=&#8221;43&#8243;][vc_column_text]<\/p>\n<h4>Epper was born in San Gallo on 6 July 1892. He trained as a designer and embroiderer between 1908 and 1912 before working as a freelance artist in Weimar and Munich from 1913 onwards. It was during this time that he made his first wood carvings and lithographs.<\/h4>\n<p>[\/vc_column_text][vc_separator type=&#8221;transparent&#8221; thickness=&#8221;0&#8243; up=&#8221;0&#8243; down=&#8221;27&#8243;][vc_column_text]Between 1916 and 1917 he met Han Coray and Fritz Pauli. In 1919 he married Mischa Quarles van Ufford and visited Ascona for the first time. During his Zurich years (where he lived until 1932), he met numerous painters, sculptors (Geiser, Fischer, K\u00fcnding, Rabinovitch, Suzanne Schwob, Stanzani, Wiemken) and writers (B\u00fchrer, HUmm, Morgenthaler, Pulver, R\u00f6lli). Over the years, he spent time in Switzerland, Germany (Berlin and Dresden), France (Collioure, Paris, Brittany), the Netherlands, and southern Italy. In the winter of 1932 he moved to Ascona, where he lived in Casa Pasini until 1938, before moving to a residence that would later house the museum (until 2020). In Ascona he made friends with Robert Sch\u00fcrch and Carl Gustav Jung and often frequented Eranos gatherings. During his time in Ascona he took a number of trips abroad (to France, Italy, the Netherlands, the Balkans, Greece, and Libya).\u2028He died on 12 January 1969.[\/vc_column_text][vc_separator type=&#8221;transparent&#8221; thickness=&#8221;0&#8243; up=&#8221;0&#8243; down=&#8221;43&#8243;]\n\n\t<a href=\"#\" target=\"_self\" style=\"color: #10181d;font-family: Vidaloka;font-size: 16px;font-weight: 400;text-transform: none;font-style: normal\" class=\"qode-btn qode-btn-medium qode-btn-simple qode-btn-custom-hover-color button-with-line no_display qode-btn-default-hover\" data-hover-color=\"rgba(16,24,29,0.75)\" >\n\t    <span class=\"qode-btn-text\">Read more<\/span>\t<\/a>\n\n[vc_separator type=&#8221;transparent&#8221; thickness=&#8221;0&#8243; up=&#8221;0&#8243; down=&#8221;50&#8243;][\/vc_column][\/vc_row][vc_row css_animation=&#8221;&#8221; row_type=&#8221;row&#8221; use_row_as_full_screen_section=&#8221;no&#8221; type=&#8221;grid&#8221; angled_section=&#8221;no&#8221; text_align=&#8221;left&#8221; background_image_as_pattern=&#8221;with_pattern&#8221; css=&#8221;.vc_custom_1610981255369{padding-top: 91px !important;padding-bottom: 50px !important;background-image: url(http:\/\/www.shadowdemo.it\/epper\/wp-content\/uploads\/2018\/01\/background-lines.png?id=104) !important;}&#8221; z_index=&#8221;&#8221; el_class=&#8221;no-bckg-img-ipad&#8221;][vc_column offset=&#8221;vc_col-lg-6 vc_col-md-6&#8243;][vc_single_image image=&#8221;1321&#8243; img_size=&#8221;full&#8221; qode_css_animation=&#8221;&#8221;][vc_separator type=&#8221;transparent&#8221; thickness=&#8221;0&#8243; up=&#8221;0&#8243; down=&#8221;50&#8243;][\/vc_column][vc_column offset=&#8221;vc_col-lg-6 vc_col-md-6&#8243;][vc_separator type=&#8221;transparent&#8221; thickness=&#8221;0&#8243; up=&#8221;0&#8243; down=&#8221;50&#8243;][vc_column_text]<\/p>\n<h3><span style=\"color: #000000; font-size: 28px;\">Mischa <\/span><span style=\"color: #a21a16; font-size: 28px;\">Epper<br \/>\n<\/span><\/h3>\n<p>[\/vc_column_text][vc_separator type=&#8221;transparent&#8221; thickness=&#8221;0&#8243; up=&#8221;0&#8243; down=&#8221;43&#8243;][vc_column_text]<\/p>\n<h4>Epper was born in Bloemendaal (the Netherlands) on 18 August 1901. She moved to Zurich in 1918, where she met Han Coray, Fritz Pauli and Ignaz Epper, whom she married in 1919. In 1922 she attended dance lessons in Dresden with Mary Wigman and met Hermann Haller.<\/h4>\n<p>[\/vc_column_text][vc_separator type=&#8221;transparent&#8221; thickness=&#8221;0&#8243; up=&#8221;0&#8243; down=&#8221;27&#8243;][vc_column_text]In 1923 she worked as an apprentice at the Baltensperger Atelier in Zurich and in 1924 she illustrated Woly, Sommer im S\u00fcden by Hans Morgenthaler. In 1930 she made the acquaintance of Franz Fischer, and became his pupil, and later a pupil of Emilio Stanzani. She moved to Ascona in 1932. In 1933-34 she was a pupil of Charles Despiau in Paris and of Pierre Baud in Geneva. During this time she met Otto Charles B\u00e4nninger, Germaine Richier and Remo Rossi. \u2028In 1937 she collaborated with the Ascona Puppet Theatre. Over the next few years she painted numerous portraits, including of Carl Jung.\u2028She died in Basel on 22 October 1978.[\/vc_column_text][vc_separator type=&#8221;transparent&#8221; thickness=&#8221;0&#8243; up=&#8221;0&#8243; down=&#8221;43&#8243;]\n\n\t<a href=\"#\" target=\"_self\" style=\"color: #10181d;font-family: Vidaloka;font-size: 16px;font-weight: 400;text-transform: none;font-style: normal\" class=\"qode-btn qode-btn-medium qode-btn-simple qode-btn-custom-hover-color button-with-line no_display qode-btn-default-hover\" data-hover-color=\"rgba(16,24,29,0.75)\" >\n\t    <span class=\"qode-btn-text\">Read more<\/span>\t<\/a>\n\n[vc_separator type=&#8221;transparent&#8221; thickness=&#8221;0&#8243; up=&#8221;0&#8243; down=&#8221;50&#8243;][\/vc_column][\/vc_row][vc_row css_animation=&#8221;&#8221; row_type=&#8221;row&#8221; use_row_as_full_screen_section=&#8221;no&#8221; type=&#8221;grid&#8221; angled_section=&#8221;no&#8221; text_align=&#8221;left&#8221; background_image_as_pattern=&#8221;without_pattern&#8221; z_index=&#8221;&#8221; css=&#8221;.vc_custom_1610981442651{padding-top: 120px !important;background-image: url(http:\/\/www.shadowdemo.it\/epper\/wp-content\/uploads\/2018\/01\/background-lines.png?id=104) !important;}&#8221; el_class=&#8221;no-bckg-img-ipad no_display&#8221;][vc_column width=&#8221;1\/2&#8243; offset=&#8221;vc_col-lg-3 vc_col-md-3&#8243; css=&#8221;.vc_custom_1603722151250{background-image: url(http:\/\/www.shadowdemo.it\/epper\/wp-content\/uploads\/2020\/10\/Background-text.svg?id=362) !important;background-position: center !important;background-repeat: no-repeat !important;background-size: contain !important;}&#8221;][vc_column_text]<\/p>\n<h3><span style=\"color: #000000; font-size: 28px;\">La Fondazione <\/span><span style=\"color: #a21a16; font-size: 28px;\"><br \/>\nIgnaz <span style=\"color: #000000;\">e<\/span> Mischa Epper.<\/span><\/h3>\n<p>[\/vc_column_text][\/vc_column][vc_column width=&#8221;1\/2&#8243; offset=&#8221;vc_col-lg-9 vc_col-md-9&#8243; css=&#8221;.vc_custom_1603719504859{margin-top: 32px !important;}&#8221;][vc_column_text]<span style=\"color: #77797a; font-size: 18px;\"> Nata nel novembre 1978, la Fondazione ha lo scopo di \u201ccustodire, curare e rendere accessibile al pubblico, senza fine utilitario, l&#8217;opera artistica di <strong>Ignaz Epper<\/strong> e di <strong>Mischa Epper<\/strong> nella sede; dare la possibilit\u00e0 ad artisti, storici dell&#8217;arte, studenti di storia dell&#8217;arte psicologi, senza distinzione di nazionalit\u00e0 e religione, di lavorare temporaneamente nella sede, in particolare per lavori di studio sull&#8217;opera di Ignaz Epper e\/o di Mischa Epper, o per altre attivit\u00e0 che perseguono uno scopo artistico analogo. I locali di esposizione nella sede possono essere messi a disposizione del pubblico, per esposizioni, concerti o conferenze, sotto la sorveglianza del conservatore\u201d.<\/span>[\/vc_column_text][vc_empty_space][vc_column_text]<span style=\"color: #77797a; font-size: 18px;\">La sede della Fondazione \u00e8 stata la casa museo dei coniugi Epper dal 1978 fino all\u2019autunno 2020, quando si \u00e8 reso necessario il trasferimento in un luogo pi\u00f9 confacente alla conservazione del suo patrimonio culturale e artistico a garanzia della sua effettiva fruibilit\u00e0 da parte del pubblico. La nuova sede \u00e8 stata individuata negli spazi della Fondazione Rolf G\u00e9rard, realt\u00e0 con la quale la Fondazione Epper ha creato forti sinergie che rendono ancora pi\u00f9 completa e facilmente fruibile l\u2019offerta al pubblico.<\/span>[\/vc_column_text][vc_empty_space][vc_column_text]<span style=\"color: #77797a; font-size: 18px;\">Il Consiglio di fondazione \u00e8 custode attento di questo importante lascito culturale e desidera promuoverlo nel contesto della rete culturale asconese, l\u2019ubicazione nel nucleo ed in una casa storica patrizia e sulla centralissima via Borga favorisce certamente questa integrazione.<\/span>[\/vc_column_text][vc_empty_space][vc_column_text]<span style=\"color: #77797a; font-size: 18px;\">La nuova sede offrir\u00e0 un archivio storico fribile al pubblico (servizio fino ad oggi non disponibile per motivi logistici) dove poter studiare approfondire e conoscere la vasta opera di Epper.<\/span><br \/>\n<span style=\"color: #77797a; font-size: 18px;\">In questo contesto di rivalutazione sar\u00e0 pure impegno della Fondazione pubblicare, promuovere attraverso internet e i social le attivit\u00e0 da noi promosse. La creazione di questo sito internet vuole ulteriormente favorire la miglior conoscenza di questo grande artista.<\/span>[\/vc_column_text][vc_empty_space][vc_column_text]<span style=\"color: #77797a; font-size: 18px;\"><strong>Maurizio Checchi<\/strong><br \/>\nPresidente della Fondazione<br \/>\nVicesindaco del Borgo di Ascona <\/span>[\/vc_column_text][vc_empty_space][vc_column_text]<\/p>\n<h3><span style=\"color: #77797a; font-size: 18px;\"> Membri della Fondazione:<br \/>\nChecchi Maurizio \u2013 Presidente<br \/>\nBlok David \u2013 Vicepresidente<br \/>\nFacchini Marco<br \/>\nLappe Francesca<br \/>\nOrsi Augusto <\/span><\/h3>\n<p>[\/vc_column_text][vc_empty_space][\/vc_column][\/vc_row][vc_row css_animation=&#8221;&#8221; row_type=&#8221;row&#8221; use_row_as_full_screen_section=&#8221;no&#8221; type=&#8221;grid&#8221; angled_section=&#8221;no&#8221; text_align=&#8221;left&#8221; background_image_as_pattern=&#8221;without_pattern&#8221; z_index=&#8221;&#8221; css=&#8221;.vc_custom_1603719364129{padding-top: 120px !important;background-image: url(http:\/\/bridge131.qodeinteractive.com\/wp-content\/uploads\/2018\/01\/background-lines.png?id=104) !important;}&#8221; el_class=&#8221;no-bckg-img-ipad no_display&#8221;][vc_column offset=&#8221;vc_col-lg-3 vc_col-md-3&#8243; css=&#8221;.vc_custom_1603719212401{margin-top: 10px !important;background-image: url(http:\/\/www.shadowdemo.it\/epper\/wp-content\/uploads\/2020\/10\/Sfondo-testo.svg?id=364) !important;background-position: center !important;background-repeat: no-repeat !important;background-size: contain !important;}&#8221;][vc_column_text]<\/p>\n<h3><span style=\"color: #000000; font-size: 26px;\">La <span style=\"color: #a21a16;\">Fondazione<\/span> ha lo scopo di custodire, curare e rendere accessibile al pubblico, senza fine utilitario, l&#8217;opera artistica di <span style=\"color: #a21a16;\">Ignaz<\/span> Epper e di <span style=\"color: #a21a16;\">Mischa<\/span> Epper.<\/span><\/h3>\n<p>[\/vc_column_text][vc_empty_space height=&#8221;64px&#8221;]\n\n\t<a href=\"#\" target=\"_self\" style=\"color: #10181d;font-family: Vidaloka;font-size: 16px;font-weight: 400;text-transform: none;font-style: normal\" class=\"qode-btn qode-btn-medium qode-btn-simple qode-btn-custom-hover-color button-with-line no_display qode-btn-default-hover\" data-hover-color=\"rgba(16,24,29,0.75)\" >\n\t    <span class=\"qode-btn-text\">Read more<\/span>\t<\/a>\n\n[\/vc_column][vc_column offset=&#8221;vc_col-lg-9 vc_col-md-9&#8243;][qode_elements_holder number_of_columns=&#8221;one_column&#8221;][qode_elements_holder_item advanced_animations=&#8221;no&#8221; item_padding=&#8221;0 50px 0 0&#8243; item_padding_1024_1280=&#8221;8px 50px 0 0&#8243; item_padding_600_768=&#8221;55px 50px 0 0&#8243; item_padding_480=&#8221;41px 0 0 0&#8243;][vc_single_image image=&#8221;474&#8243; img_size=&#8221;full&#8221; qode_css_animation=&#8221;&#8221;][\/qode_elements_holder_item][\/qode_elements_holder][\/vc_column][\/vc_row][vc_row css_animation=&#8221;&#8221; row_type=&#8221;row&#8221; use_row_as_full_screen_section=&#8221;no&#8221; type=&#8221;grid&#8221; angled_section=&#8221;no&#8221; text_align=&#8221;center&#8221; background_image_as_pattern=&#8221;without_pattern&#8221; z_index=&#8221;&#8221; css=&#8221;.vc_custom_1603719369598{padding-top: 120px !important;padding-bottom: 120px !important;background-image: url(http:\/\/www.shadowdemo.it\/epper\/wp-content\/uploads\/2018\/01\/background-lines.png?id=104) !important;}&#8221; el_class=&#8221;no-bckg-img-ipad no_display&#8221;][vc_column width=&#8221;1\/2&#8243; css=&#8221;.vc_custom_1603710405667{padding-right: 10% !important;}&#8221;][\/vc_column][vc_column width=&#8221;1\/2&#8243; css=&#8221;.vc_custom_1603710383166{padding-right: 5% !important;padding-left: 5% !important;}&#8221;][vc_column_text]<\/p>\n<p style=\"text-align: left;\"><span style=\"color: #77797a; font-size: 21px;\">Dare la possibilit\u00e0 ad artisti, storici dell&#8217;arte, studenti di storia dell&#8217;arte psicologi, senza distinzione di nazionalit\u00e0 e religione, di lavorare temporaneamente nella sede, in particolare per lavori di studio sull&#8217;opera di<em><strong> Ignaz Epper<\/strong><\/em> e\/o di <strong><em>Mischa Epper<\/em><\/strong>, o per altre attivit\u00e0 che perseguono uno scopo artistico analogo.\u00a0<\/span><\/p>\n<p>[\/vc_column_text][\/vc_column][\/vc_row][vc_row css_animation=&#8221;&#8221; row_type=&#8221;row&#8221; use_row_as_full_screen_section=&#8221;no&#8221; type=&#8221;grid&#8221; angled_section=&#8221;no&#8221; text_align=&#8221;center&#8221; background_image_as_pattern=&#8221;without_pattern&#8221; z_index=&#8221;&#8221; css=&#8221;.vc_custom_1610981484005{padding-top: 120px !important;padding-bottom: 120px !important;background-image: url(http:\/\/www.shadowdemo.it\/epper\/wp-content\/uploads\/2018\/01\/background-lines.png?id=104) !important;}&#8221; el_class=&#8221;no-bckg-img-ipad no_display&#8221;][vc_column width=&#8221;1\/2&#8243;][vc_single_image image=&#8221;582&#8243; img_size=&#8221;full&#8221; qode_css_animation=&#8221;&#8221;][vc_empty_space height=&#8221;12px&#8221;][vc_column_text el_class=&#8221;no_display&#8221;]<span style=\"color: #000000; font-sise: 18px;\">L&#8217;esterno della Fondazione nel 1981.<\/span>[\/vc_column_text][\/vc_column][vc_column width=&#8221;1\/2&#8243;][vc_single_image image=&#8221;585&#8243; img_size=&#8221;full&#8221; qode_css_animation=&#8221;&#8221;][vc_empty_space height=&#8221;12px&#8221;][vc_column_text el_class=&#8221;no_display&#8221;]<span style=\"color: #000000; font-sise: 18px;\">L&#8217;esterno della Fondazione nel 1981.<\/span>[\/vc_column_text][\/vc_column][\/vc_row][vc_row css_animation=&#8221;&#8221; row_type=&#8221;row&#8221; use_row_as_full_screen_section=&#8221;no&#8221; type=&#8221;grid&#8221; angled_section=&#8221;no&#8221; text_align=&#8221;center&#8221; background_image_as_pattern=&#8221;without_pattern&#8221; z_index=&#8221;&#8221; css=&#8221;.vc_custom_1603721689835{padding-top: 120px !important;padding-bottom: 120px !important;background-image: url(http:\/\/www.shadowdemo.it\/epper\/wp-content\/uploads\/2018\/01\/background-lines.png?id=104) !important;}&#8221; el_class=&#8221;no-bckg-img-ipad no_display&#8221;][vc_column width=&#8221;1\/2&#8243;][vc_empty_space height=&#8221;12px&#8221;]<div class=\"image_with_text\"><img decoding=\"async\" itemprop=\"image\" src=\"\" alt=\"IGNAZ EPPER\" \/><h3 >IGNAZ EPPER<\/h3><span style=\"margin: 6px 0px;\" class=\"separator transparent\"><\/span><\/div>\n\n\t<a href=\"#\" target=\"_self\" style=\"color: #10181d;font-family: Vidaloka;font-size: 16px;font-weight: 400;text-transform: none;font-style: normal\" class=\"qode-btn qode-btn-medium qode-btn-simple qode-btn-custom-hover-color button-with-line qode-btn-default-hover\" data-hover-color=\"rgba(16,24,29,0.75)\" >\n\t    <span class=\"qode-btn-text\">Read more<\/span>\t<\/a>\n\n[\/vc_column][vc_column width=&#8221;1\/2&#8243;][vc_empty_space height=&#8221;12px&#8221;]<div class=\"image_with_text\"><img decoding=\"async\" itemprop=\"image\" src=\"\" alt=\"MISHA EPPER\" \/><h3 >MISHA EPPER<\/h3><span style=\"margin: 6px 0px;\" class=\"separator transparent\"><\/span><\/div>\n\n\t<a href=\"#\" target=\"_self\" style=\"color: #10181d;font-family: Vidaloka;font-size: 16px;font-weight: 400;text-transform: none;font-style: normal\" class=\"qode-btn qode-btn-medium qode-btn-simple qode-btn-custom-hover-color button-with-line qode-btn-default-hover\" data-hover-color=\"rgba(16,24,29,0.75)\" >\n\t    <span class=\"qode-btn-text\">Read more<\/span>\t<\/a>\n\n[\/vc_column][\/vc_row][vc_row css_animation=&#8221;&#8221; row_type=&#8221;row&#8221; use_row_as_full_screen_section=&#8221;no&#8221; type=&#8221;grid&#8221; angled_section=&#8221;no&#8221; text_align=&#8221;left&#8221; background_image_as_pattern=&#8221;without_pattern&#8221; css=&#8221;.vc_custom_1603708753908{padding-top: 63px !important;padding-bottom: 10px !important;background-image: url(http:\/\/bridge131.qodeinteractive.com\/wp-content\/uploads\/2018\/01\/background-lines.png?id=104) !important;}&#8221; z_index=&#8221;&#8221; el_class=&#8221;no-bckg-img-ipad no_display&#8221;][vc_column width=&#8221;1\/3&#8243; offset=&#8221;vc_col-lg-2 vc_col-md-4&#8243;]<div class='q_icon_with_title medium custom_icon_image center qode_iwt_hover_enabled '><div class=\"icon_holder \" style=\" \"><img decoding=\"async\" itemprop=\"image\" style=\"\" src=\"\" alt=\"\"><\/div><div class=\"icon_text_holder\" style=\"\"><div class=\"icon_text_inner\" style=\"\"><h5 class=\"icon_title\" style=\"\">10am - 5pm<\/h5><p style=''><\/p><\/div><\/div><\/div>[\/vc_column][vc_column width=&#8221;1\/3&#8243; offset=&#8221;vc_col-lg-2 vc_col-md-4&#8243;]<div class='q_icon_with_title medium custom_icon_image center qode_iwt_hover_enabled '><div class=\"icon_holder \" style=\" \"><img decoding=\"async\" itemprop=\"image\" style=\"\" src=\"https:\/\/www.fondazioneepper.ch\/wp-content\/uploads\/2021\/01\/Sfondo-testo.svg\" alt=\"\"><\/div><div class=\"icon_text_holder\" style=\"\"><div class=\"icon_text_inner\" style=\"\"><h5 class=\"icon_title\" style=\"\">Free entry<\/h5><p style=''><\/p><\/div><\/div><\/div>[vc_empty_space height=&#8221;50px&#8221;][\/vc_column][vc_column width=&#8221;1\/3&#8243; offset=&#8221;vc_col-lg-2 vc_col-md-4&#8243;]<div class='q_icon_with_title medium custom_icon_image center qode_iwt_hover_enabled '><div class=\"icon_holder \" style=\" \"><img decoding=\"async\" itemprop=\"image\" style=\"\" src=\"\" alt=\"\"><\/div><div class=\"icon_text_holder\" style=\"\"><div class=\"icon_text_inner\" style=\"\"><h5 class=\"icon_title\" style=\"\">Getting here<\/h5><p style=''><\/p><\/div><\/div><\/div>[vc_empty_space height=&#8221;50px&#8221;][\/vc_column][vc_column width=&#8221;1\/3&#8243; offset=&#8221;vc_col-lg-2 vc_col-md-4&#8243;]<div class='q_icon_with_title medium custom_icon_image center qode_iwt_hover_enabled '><div class=\"icon_holder \" style=\" \"><img decoding=\"async\" itemprop=\"image\" style=\"\" src=\"\" alt=\"\"><\/div><div class=\"icon_text_holder\" style=\"\"><div class=\"icon_text_inner\" style=\"\"><h5 class=\"icon_title\" style=\"\">Gift shop<\/h5><p style=''><\/p><\/div><\/div><\/div>[vc_empty_space height=&#8221;50px&#8221;][\/vc_column][vc_column width=&#8221;1\/3&#8243; offset=&#8221;vc_col-lg-2 vc_col-md-4&#8243;]<div class='q_icon_with_title medium custom_icon_image center qode_iwt_hover_enabled '><div class=\"icon_holder \" style=\" \"><img decoding=\"async\" itemprop=\"image\" style=\"\" src=\"\" alt=\"\"><\/div><div class=\"icon_text_holder\" style=\"\"><div class=\"icon_text_inner\" style=\"\"><h5 class=\"icon_title\" style=\"\">on Monday<\/h5><p style=''><\/p><\/div><\/div><\/div>[vc_empty_space height=&#8221;50px&#8221;][\/vc_column][vc_column width=&#8221;1\/3&#8243; offset=&#8221;vc_col-lg-2 vc_col-md-4&#8243;]<div class='q_icon_with_title medium custom_icon_image center qode_iwt_hover_enabled '><div class=\"icon_holder \" style=\" \"><img decoding=\"async\" itemprop=\"image\" style=\"\" src=\"\" alt=\"\"><\/div><div class=\"icon_text_holder\" style=\"\"><div class=\"icon_text_inner\" style=\"\"><h5 class=\"icon_title\" style=\"\">Membership<\/h5><p style=''><\/p><\/div><\/div><\/div>[vc_empty_space height=&#8221;50px&#8221;][\/vc_column][\/vc_row][vc_row css_animation=&#8221;&#8221; row_type=&#8221;row&#8221; use_row_as_full_screen_section=&#8221;no&#8221; type=&#8221;grid&#8221; angled_section=&#8221;no&#8221; text_align=&#8221;left&#8221; background_image_as_pattern=&#8221;without_pattern&#8221; z_index=&#8221;&#8221; el_class=&#8221;no_display&#8221;][vc_column css=&#8221;.vc_custom_1603722020188{padding-right: 5% !important;padding-left: 5% !important;}&#8221;]<div class=\"qode-simple-quote-holder \">\n\t<div class=\"qode-simple-quote-triangle-shadow\">\n\t\t\n\t<\/div>\n\t<div class=\"qode-simple-quote-triangle\" style=\"border-bottom-color: rgba(0,0,0,0.01)\">\n\t\t\n\t<\/div>\n\t<div class=\"qode-simple-quote-holder-inner\" style=\"background-color: rgba(0,0,0,0.01);border-color: rgba(0,0,0,0.01);padding: 40px 10px 20px 40px\">\n\t\t<div class=\"qode-simple-quote-icon-holder\"  style=\"fill: #a21a16\">\n\t\t\t<svg x=\"0px\" y=\"0px\" width=\"118px\" height=\"97px\" viewBox=\"0 0 118 97\" enable-background=\"new 0 0 118 97\" xml:space=\"preserve\">\n\t\t\t\t<g>\n\t\t\t\t\t<path d=\"M31.1,73.998c5.688-7.111,8.535-14.316,8.535-21.617c0-3.09-0.371-5.751-1.113-7.978c-4.332,3.34-9.031,5.009-14.102,5.009\n\t\t\t\t\t\tc-6.929,0-12.71-2.194-17.349-6.586c-4.639-4.389-6.958-10.298-6.958-17.72c0-6.926,2.348-12.71,7.051-17.349\n\t\t\t\t\t\tc4.7-4.639,10.452-6.958,17.256-6.958c9.77,0,17.256,4.021,22.451,12.061c4.329,6.68,6.494,15.029,6.494,25.049\n\t\t\t\t\t\tc0,12.742-3.247,24.154-9.741,34.234C37.13,82.227,27.325,90.357,14.215,96.541l-3.525-6.865\n\t\t\t\t\t\tC18.604,86.336,25.409,81.113,31.1,73.998z M95.67,73.998c5.688-7.111,8.535-14.316,8.535-21.617c0-3.09-0.371-5.751-1.113-7.978\n\t\t\t\t\t\tc-4.206,3.34-8.906,5.009-14.102,5.009c-6.804,0-12.556-2.194-17.256-6.586c-4.702-4.389-7.051-10.298-7.051-17.72\n\t\t\t\t\t\tc0-4.575,1.113-8.721,3.34-12.432s5.195-6.616,8.906-8.721c3.711-2.102,7.729-3.154,12.061-3.154\n\t\t\t\t\t\tc9.771,0,17.256,4.021,22.451,12.061c4.329,6.68,6.494,15.029,6.494,25.049c0,12.742-3.247,24.154-9.741,34.234\n\t\t\t\t\t\tC101.7,82.227,91.896,90.357,78.785,96.541l-3.525-6.865C83.175,86.336,89.979,81.113,95.67,73.998z\"\/>\n\t\t\t\t<\/g>\n\t\t\t<\/svg>\n\t\t<\/div>\n\t\t<div class=\"qode-simple-quote-content-holder\">\n\t\t\t<div class=\"qode-simple-quote-content-holder-inner\">\n\t\t\t\t<div class=\"qode-simple-quote-text-holder\" >\n\t\t\t\t\t<h2 class=\"qode-simple-quote-text-title\"> Pellentesque sed dictum arcu. Donec ut tellus quis justo suscipit lobortis mollis nec erat.  <\/h2>\n\t\t\t\t<\/div>\n\t\t\t\t<div class=\"qode-simple-quote-author-holder\">\n\t\t\t\t\t<p class=\"qode-simple-quote-author-title\"> IGNAZ EPPER  <\/p>\n\t\t\t\t<\/div>\n\t\t\t<\/div>\n\t\t<\/div>\n\t<\/div>\n<\/div>[\/vc_column][\/vc_row]<\/p>\n","protected":false},"excerpt":{"rendered":"<p>[vc_row css_animation=&#8221;&#8221; row_type=&#8221;row&#8221; use_row_as_full_screen_section=&#8221;no&#8221; type=&#8221;grid&#8221; angled_section=&#8221;no&#8221; text_align=&#8221;left&#8221; background_image_as_pattern=&#8221;with_pattern&#8221; css=&#8221;.vc_custom_1610981255369{padding-top: 91px !important;padding-bottom: 50px !important;background-image: url(http:\/\/www.shadowdemo.it\/epper\/wp-content\/uploads\/2018\/01\/background-lines.png?id=104) !important;}&#8221; z_index=&#8221;&#8221; el_class=&#8221;no-bckg-img-ipad&#8221;][vc_column offset=&#8221;vc_col-lg-6 vc_col-md-6&#8243;][vc_separator type=&#8221;transparent&#8221; thickness=&#8221;0&#8243; up=&#8221;0&#8243; down=&#8221;50&#8243;][vc_single_image image=&#8221;1323&#8243; img_size=&#8221;full&#8221; qode_css_animation=&#8221;&#8221;][vc_separator type=&#8221;transparent&#8221; thickness=&#8221;0&#8243; up=&#8221;0&#8243; down=&#8221;50&#8243;][\/vc_column][vc_column offset=&#8221;vc_col-lg-6 vc_col-md-6&#8243;][vc_separator type=&#8221;transparent&#8221; thickness=&#8221;0&#8243; up=&#8221;0&#8243; down=&#8221;50&#8243;][vc_column_text] Ignaz Epper [\/vc_column_text][vc_separator type=&#8221;transparent&#8221; thickness=&#8221;0&#8243; up=&#8221;0&#8243; down=&#8221;43&#8243;][vc_column_text] Epper was&#8230;<\/p>\n","protected":false},"author":3,"featured_media":0,"parent":0,"menu_order":0,"comment_status":"closed","ping_status":"closed","template":"full_width.php","meta":{"om_disable_all_campaigns":false,"_monsterinsights_skip_tracking":false,"_monsterinsights_sitenote_active":false,"_monsterinsights_sitenote_note":"","_monsterinsights_sitenote_category":0,"footnotes":""},"class_list":["post-914","page","type-page","status-publish","hentry"],"yoast_head":"<!-- This site is optimized with the Yoast SEO plugin v23.1 - https:\/\/yoast.com\/wordpress\/plugins\/seo\/ -->\n<title>History - Fondazione Epper<\/title>\n<meta name=\"robots\" content=\"index, follow, max-snippet:-1, max-image-preview:large, max-video-preview:-1\" \/>\n<link rel=\"canonical\" href=\"https:\/\/www.fondazioneepper.ch\/en\/history\/\" \/>\n<meta property=\"og:locale\" content=\"en_US\" \/>\n<meta property=\"og:type\" content=\"article\" \/>\n<meta property=\"og:title\" content=\"History - Fondazione Epper\" \/>\n<meta property=\"og:description\" content=\"[vc_row css_animation=&#8221;&#8221; row_type=&#8221;row&#8221; use_row_as_full_screen_section=&#8221;no&#8221; type=&#8221;grid&#8221; angled_section=&#8221;no&#8221; text_align=&#8221;left&#8221; background_image_as_pattern=&#8221;with_pattern&#8221; css=&#8221;.vc_custom_1610981255369{padding-top: 91px !important;padding-bottom: 50px !important;background-image: url(http:\/\/www.shadowdemo.it\/epper\/wp-content\/uploads\/2018\/01\/background-lines.png?id=104) !important;}&#8221; z_index=&#8221;&#8221; el_class=&#8221;no-bckg-img-ipad&#8221;][vc_column offset=&#8221;vc_col-lg-6 vc_col-md-6&#8243;][vc_separator type=&#8221;transparent&#8221; thickness=&#8221;0&#8243; up=&#8221;0&#8243; down=&#8221;50&#8243;][vc_single_image image=&#8221;1323&#8243; img_size=&#8221;full&#8221; qode_css_animation=&#8221;&#8221;][vc_separator type=&#8221;transparent&#8221; thickness=&#8221;0&#8243; up=&#8221;0&#8243; down=&#8221;50&#8243;][\/vc_column][vc_column offset=&#8221;vc_col-lg-6 vc_col-md-6&#8243;][vc_separator type=&#8221;transparent&#8221; thickness=&#8221;0&#8243; up=&#8221;0&#8243; down=&#8221;50&#8243;][vc_column_text] Ignaz Epper [\/vc_column_text][vc_separator type=&#8221;transparent&#8221; thickness=&#8221;0&#8243; up=&#8221;0&#8243; down=&#8221;43&#8243;][vc_column_text] Epper was...\" \/>\n<meta property=\"og:url\" content=\"https:\/\/www.fondazioneepper.ch\/en\/history\/\" \/>\n<meta property=\"og:site_name\" content=\"Fondazione Epper\" \/>\n<meta property=\"article:publisher\" content=\"https:\/\/www.facebook.com\/fondazioneepper\/\" \/>\n<meta property=\"article:modified_time\" content=\"2022-02-28T14:28:36+00:00\" \/>\n<meta name=\"twitter:card\" content=\"summary_large_image\" \/>\n<meta name=\"twitter:label1\" content=\"Est. reading time\" \/>\n\t<meta name=\"twitter:data1\" content=\"11 minutes\" \/>\n<script type=\"application\/ld+json\" class=\"yoast-schema-graph\">{\"@context\":\"https:\/\/schema.org\",\"@graph\":[{\"@type\":\"WebPage\",\"@id\":\"https:\/\/www.fondazioneepper.ch\/en\/history\/\",\"url\":\"https:\/\/www.fondazioneepper.ch\/en\/history\/\",\"name\":\"History - Fondazione Epper\",\"isPartOf\":{\"@id\":\"https:\/\/www.fondazioneepper.ch\/#website\"},\"datePublished\":\"2021-04-21T13:33:24+00:00\",\"dateModified\":\"2022-02-28T14:28:36+00:00\",\"breadcrumb\":{\"@id\":\"https:\/\/www.fondazioneepper.ch\/en\/history\/#breadcrumb\"},\"inLanguage\":\"en-US\",\"potentialAction\":[{\"@type\":\"ReadAction\",\"target\":[\"https:\/\/www.fondazioneepper.ch\/en\/history\/\"]}]},{\"@type\":\"BreadcrumbList\",\"@id\":\"https:\/\/www.fondazioneepper.ch\/en\/history\/#breadcrumb\",\"itemListElement\":[{\"@type\":\"ListItem\",\"position\":1,\"name\":\"Home\",\"item\":\"https:\/\/www.fondazioneepper.ch\/en\/home\/\"},{\"@type\":\"ListItem\",\"position\":2,\"name\":\"History\"}]},{\"@type\":\"WebSite\",\"@id\":\"https:\/\/www.fondazioneepper.ch\/#website\",\"url\":\"https:\/\/www.fondazioneepper.ch\/\",\"name\":\"Fondazione Epper\",\"description\":\"ASCONA\",\"publisher\":{\"@id\":\"https:\/\/www.fondazioneepper.ch\/#organization\"},\"potentialAction\":[{\"@type\":\"SearchAction\",\"target\":{\"@type\":\"EntryPoint\",\"urlTemplate\":\"https:\/\/www.fondazioneepper.ch\/?s={search_term_string}\"},\"query-input\":\"required name=search_term_string\"}],\"inLanguage\":\"en-US\"},{\"@type\":\"Organization\",\"@id\":\"https:\/\/www.fondazioneepper.ch\/#organization\",\"name\":\"Fondazione Epper\",\"url\":\"https:\/\/www.fondazioneepper.ch\/\",\"logo\":{\"@type\":\"ImageObject\",\"inLanguage\":\"en-US\",\"@id\":\"https:\/\/www.fondazioneepper.ch\/#\/schema\/logo\/image\/\",\"url\":\"https:\/\/www.fondazioneepper.ch\/wp-content\/uploads\/2021\/01\/logo-Epper-light.svg\",\"contentUrl\":\"https:\/\/www.fondazioneepper.ch\/wp-content\/uploads\/2021\/01\/logo-Epper-light.svg\",\"width\":172,\"height\":91,\"caption\":\"Fondazione Epper\"},\"image\":{\"@id\":\"https:\/\/www.fondazioneepper.ch\/#\/schema\/logo\/image\/\"},\"sameAs\":[\"https:\/\/www.facebook.com\/fondazioneepper\/\",\"https:\/\/www.instagram.com\/fondazioneepper\/\"]}]}<\/script>\n<!-- \/ Yoast SEO plugin. -->","yoast_head_json":{"title":"History - Fondazione Epper","robots":{"index":"index","follow":"follow","max-snippet":"max-snippet:-1","max-image-preview":"max-image-preview:large","max-video-preview":"max-video-preview:-1"},"canonical":"https:\/\/www.fondazioneepper.ch\/en\/history\/","og_locale":"en_US","og_type":"article","og_title":"History - Fondazione Epper","og_description":"[vc_row css_animation=&#8221;&#8221; row_type=&#8221;row&#8221; use_row_as_full_screen_section=&#8221;no&#8221; type=&#8221;grid&#8221; angled_section=&#8221;no&#8221; text_align=&#8221;left&#8221; background_image_as_pattern=&#8221;with_pattern&#8221; css=&#8221;.vc_custom_1610981255369{padding-top: 91px !important;padding-bottom: 50px !important;background-image: url(http:\/\/www.shadowdemo.it\/epper\/wp-content\/uploads\/2018\/01\/background-lines.png?id=104) !important;}&#8221; z_index=&#8221;&#8221; el_class=&#8221;no-bckg-img-ipad&#8221;][vc_column offset=&#8221;vc_col-lg-6 vc_col-md-6&#8243;][vc_separator type=&#8221;transparent&#8221; thickness=&#8221;0&#8243; up=&#8221;0&#8243; down=&#8221;50&#8243;][vc_single_image image=&#8221;1323&#8243; img_size=&#8221;full&#8221; qode_css_animation=&#8221;&#8221;][vc_separator type=&#8221;transparent&#8221; thickness=&#8221;0&#8243; up=&#8221;0&#8243; down=&#8221;50&#8243;][\/vc_column][vc_column offset=&#8221;vc_col-lg-6 vc_col-md-6&#8243;][vc_separator type=&#8221;transparent&#8221; thickness=&#8221;0&#8243; up=&#8221;0&#8243; down=&#8221;50&#8243;][vc_column_text] Ignaz Epper [\/vc_column_text][vc_separator type=&#8221;transparent&#8221; thickness=&#8221;0&#8243; up=&#8221;0&#8243; down=&#8221;43&#8243;][vc_column_text] Epper was...","og_url":"https:\/\/www.fondazioneepper.ch\/en\/history\/","og_site_name":"Fondazione Epper","article_publisher":"https:\/\/www.facebook.com\/fondazioneepper\/","article_modified_time":"2022-02-28T14:28:36+00:00","twitter_card":"summary_large_image","twitter_misc":{"Est. reading time":"11 minutes"},"schema":{"@context":"https:\/\/schema.org","@graph":[{"@type":"WebPage","@id":"https:\/\/www.fondazioneepper.ch\/en\/history\/","url":"https:\/\/www.fondazioneepper.ch\/en\/history\/","name":"History - Fondazione Epper","isPartOf":{"@id":"https:\/\/www.fondazioneepper.ch\/#website"},"datePublished":"2021-04-21T13:33:24+00:00","dateModified":"2022-02-28T14:28:36+00:00","breadcrumb":{"@id":"https:\/\/www.fondazioneepper.ch\/en\/history\/#breadcrumb"},"inLanguage":"en-US","potentialAction":[{"@type":"ReadAction","target":["https:\/\/www.fondazioneepper.ch\/en\/history\/"]}]},{"@type":"BreadcrumbList","@id":"https:\/\/www.fondazioneepper.ch\/en\/history\/#breadcrumb","itemListElement":[{"@type":"ListItem","position":1,"name":"Home","item":"https:\/\/www.fondazioneepper.ch\/en\/home\/"},{"@type":"ListItem","position":2,"name":"History"}]},{"@type":"WebSite","@id":"https:\/\/www.fondazioneepper.ch\/#website","url":"https:\/\/www.fondazioneepper.ch\/","name":"Fondazione Epper","description":"ASCONA","publisher":{"@id":"https:\/\/www.fondazioneepper.ch\/#organization"},"potentialAction":[{"@type":"SearchAction","target":{"@type":"EntryPoint","urlTemplate":"https:\/\/www.fondazioneepper.ch\/?s={search_term_string}"},"query-input":"required name=search_term_string"}],"inLanguage":"en-US"},{"@type":"Organization","@id":"https:\/\/www.fondazioneepper.ch\/#organization","name":"Fondazione Epper","url":"https:\/\/www.fondazioneepper.ch\/","logo":{"@type":"ImageObject","inLanguage":"en-US","@id":"https:\/\/www.fondazioneepper.ch\/#\/schema\/logo\/image\/","url":"https:\/\/www.fondazioneepper.ch\/wp-content\/uploads\/2021\/01\/logo-Epper-light.svg","contentUrl":"https:\/\/www.fondazioneepper.ch\/wp-content\/uploads\/2021\/01\/logo-Epper-light.svg","width":172,"height":91,"caption":"Fondazione Epper"},"image":{"@id":"https:\/\/www.fondazioneepper.ch\/#\/schema\/logo\/image\/"},"sameAs":["https:\/\/www.facebook.com\/fondazioneepper\/","https:\/\/www.instagram.com\/fondazioneepper\/"]}]}},"_links":{"self":[{"href":"https:\/\/www.fondazioneepper.ch\/en\/wp-json\/wp\/v2\/pages\/914"}],"collection":[{"href":"https:\/\/www.fondazioneepper.ch\/en\/wp-json\/wp\/v2\/pages"}],"about":[{"href":"https:\/\/www.fondazioneepper.ch\/en\/wp-json\/wp\/v2\/types\/page"}],"author":[{"embeddable":true,"href":"https:\/\/www.fondazioneepper.ch\/en\/wp-json\/wp\/v2\/users\/3"}],"replies":[{"embeddable":true,"href":"https:\/\/www.fondazioneepper.ch\/en\/wp-json\/wp\/v2\/comments?post=914"}],"version-history":[{"count":0,"href":"https:\/\/www.fondazioneepper.ch\/en\/wp-json\/wp\/v2\/pages\/914\/revisions"}],"wp:attachment":[{"href":"https:\/\/www.fondazioneepper.ch\/en\/wp-json\/wp\/v2\/media?parent=914"}],"curies":[{"name":"wp","href":"https:\/\/api.w.org\/{rel}","templated":true}]}}